{"id":3436,"date":"2025-11-14T11:43:29","date_gmt":"2025-11-14T10:43:29","guid":{"rendered":"https:\/\/fas.it\/prodotto\/victoria\/"},"modified":"2025-12-17T11:10:21","modified_gmt":"2025-12-17T10:10:21","slug":"victoria","status":"publish","type":"prodotto","link":"https:\/\/www.fas.it\/es\/producto\/victoria\/","title":{"rendered":"Victoria"},"content":{"rendered":"<section class=\"block-product-characteristics\" id=\"product-characteristics\" x-data=\"productCharacteristics\">\n  <div class=\"block-product-characteristics__head\">\n    <h2 data-inview data-split>ILo mejor de la tecnolog\u00eda y el dise\u00f1o.<\/h2>\n    <hr>\n    <p data-inview>FAS Victoria: hasta 780 vasos, 6 solubles (+ az\u00facar), campana de caf\u00e9 simple o doble, dise\u00f1o grafito, pantalla t\u00e1ctil de 21,5\u2019\u2019 y gesti\u00f3n inteligente local o remota Fas Cloud+.<\/p>\n  <\/div>\n  <template x-if=\"$store.layout.isMobile\">\n    <div class=\"block-product-characteristics__content\">\n      <div class=\"block-product-characteristics__column\">\n        \n\n\n\n\t<span\n    x-ref=\"$el\"\n    :class=\"[\n      'base-image',\n      lazy ? '-is-lazy' : '',\n      loaded ? '-is-loaded' : ''\n    ]\"\n    data-lazy=\"false\"\n    x-intersect.once=\"onintersect\"\n    x-data=\"image\"\n    style=\"--w: 1100; --h: 2560;\"\n    >\n\n  \t\t<picture class=\"base-image__picture\" x-ref=\"$picture\">\n\n\t\t\t\t\t\t\t<source media=\"(max-width: 1024px)\" data-srcset=\"https:\/\/www.fas.it\/app\/uploads\/2025\/11\/FAS-Victoria-1-440x1024.webp\" type=\"image\/webp\">\n\t\t\t\t<source media=\"(max-width: 1024px)\" data-srcset=\"https:\/\/www.fas.it\/app\/uploads\/2025\/11\/FAS-Victoria-1-440x1024.jpg\" type=\"image\/jpeg\">\n\t\t\t\t\t\t<source data-srcset=\"https:\/\/www.fas.it\/app\/uploads\/2025\/11\/FAS-Victoria-1-scaled.webp\" type=\"image\/webp\">\n\t\t\t<source data-srcset=\"https:\/\/www.fas.it\/app\/uploads\/2025\/11\/FAS-Victoria-1-scaled.jpg\" type=\"image\/jpeg\">\n\n\t\t\t\t\t\t\t<img fetchpriority=\"high\" decoding=\"async\" x-ref=\"$image\" srcset=\"https:\/\/www.fas.it\/app\/uploads\/2025\/11\/FAS-Victoria-1-scaled@1x.png 1x, https:\/\/www.fas.it\/app\/uploads\/2025\/11\/FAS-Victoria-1-scaled@2x.png 2x, https:\/\/www.fas.it\/app\/uploads\/2025\/11\/FAS-Victoria-1-scaled@3x.png 3x, https:\/\/www.fas.it\/app\/uploads\/2025\/11\/FAS-Victoria-1-scaled@4x.png 4x\" loading=\"eager\" src=\"https:\/\/www.fas.it\/app\/uploads\/2025\/11\/FAS-Victoria-1-scaled.jpg\" alt=\"FAS Victoria\" width=\"1100\" height=\"2560\" @load.once=\"onload\">\n\t\t\t\n\t\t<\/picture>\n\t<\/span>\n      <\/div>\n       <div class=\"block-product-characteristics__column\">\n                              <div class=\"block-product-characteristics__item\">\n              \n\n\n\n\t<span\n    x-ref=\"$el\"\n    :class=\"[\n      'base-image',\n      lazy ? '-is-lazy' : '',\n      loaded ? '-is-loaded' : ''\n    ]\"\n    data-lazy=\"false\"\n    x-intersect.once=\"onintersect\"\n    x-data=\"image\"\n    style=\"--w: 32; --h: 32;\"\n    >\n\n  \t\t<picture class=\"base-image__picture\" x-ref=\"$picture\">\n\n\t\t\t\t\t\t\t<source media=\"(max-width: 1024px)\" data-srcset=\"https:\/\/www.fas.it\/app\/uploads\/2025\/11\/FasCloud-1.svg\" type=\"image\/webp\">\n\t\t\t\t<source media=\"(max-width: 1024px)\" data-srcset=\"https:\/\/www.fas.it\/app\/uploads\/2025\/11\/FasCloud-1.svg\" type=\"image\/jpeg\">\n\t\t\t\t\t\t<source data-srcset=\"https:\/\/www.fas.it\/app\/uploads\/2025\/11\/FasCloud-1.svg\" type=\"image\/webp\">\n\t\t\t<source data-srcset=\"https:\/\/www.fas.it\/app\/uploads\/2025\/11\/FasCloud-1.svg\" type=\"image\/jpeg\">\n\n\t\t\t\t\t\t\t<img decoding=\"async\" x-ref=\"$image\" srcset=\"https:\/\/www.fas.it\/app\/uploads\/2025\/11\/FasCloud-1.svg 1x, https:\/\/www.fas.it\/app\/uploads\/2025\/11\/FasCloud-1.svg 2x, https:\/\/www.fas.it\/app\/uploads\/2025\/11\/FasCloud-1.svg 3x, https:\/\/www.fas.it\/app\/uploads\/2025\/11\/FasCloud-1.svg 4x\" loading=\"eager\" src=\"https:\/\/www.fas.it\/app\/uploads\/2025\/11\/FasCloud-1.svg\" alt=\"FasCloud\" width=\"32\" height=\"32\" @load.once=\"onload\">\n\t\t\t\n\t\t<\/picture>\n\t<\/span>\n              <div>\n                <h6 data-inview>FAS CLOUD +<\/h6>\n                <hr>\n                <p data-inview>El software que permite configurar y mantener la m\u00e1quina de vending de manera f\u00e1cil e intuitiva, incluso en remoto<\/p>\n              <\/div>\n            <\/div>\n                                                          <div class=\"block-product-characteristics__item\">\n              \n\n\n\n\t<span\n    x-ref=\"$el\"\n    :class=\"[\n      'base-image',\n      lazy ? '-is-lazy' : '',\n      loaded ? '-is-loaded' : ''\n    ]\"\n    data-lazy=\"false\"\n    x-intersect.once=\"onintersect\"\n    x-data=\"image\"\n    style=\"--w: 33; --h: 33;\"\n    >\n\n  \t\t<picture class=\"base-image__picture\" x-ref=\"$picture\">\n\n\t\t\t\t\t\t\t<source media=\"(max-width: 1024px)\" data-srcset=\"https:\/\/www.fas.it\/app\/uploads\/2025\/07\/wifi-integrato.svg\" type=\"image\/webp\">\n\t\t\t\t<source media=\"(max-width: 1024px)\" data-srcset=\"https:\/\/www.fas.it\/app\/uploads\/2025\/07\/wifi-integrato.svg\" type=\"image\/jpeg\">\n\t\t\t\t\t\t<source data-srcset=\"https:\/\/www.fas.it\/app\/uploads\/2025\/07\/wifi-integrato.svg\" type=\"image\/webp\">\n\t\t\t<source data-srcset=\"https:\/\/www.fas.it\/app\/uploads\/2025\/07\/wifi-integrato.svg\" type=\"image\/jpeg\">\n\n\t\t\t\t\t\t\t<img decoding=\"async\" x-ref=\"$image\" srcset=\"https:\/\/www.fas.it\/app\/uploads\/2025\/07\/wifi-integrato.svg 1x, https:\/\/www.fas.it\/app\/uploads\/2025\/07\/wifi-integrato.svg 2x, https:\/\/www.fas.it\/app\/uploads\/2025\/07\/wifi-integrato.svg 3x, https:\/\/www.fas.it\/app\/uploads\/2025\/07\/wifi-integrato.svg 4x\" loading=\"eager\" src=\"https:\/\/www.fas.it\/app\/uploads\/2025\/07\/wifi-integrato.svg\" alt=\"wifi-integrato\" width=\"33\" height=\"33\" @load.once=\"onload\">\n\t\t\t\n\t\t<\/picture>\n\t<\/span>\n              <div>\n                <h6 data-inview>CONECTIVIDAD WI-FI<\/h6>\n                <hr>\n                <p data-inview>Con la conectividad Wi-Fi 2.0, la m\u00e1quina est\u00e1 siempre conectada y es compatible con los servicios digitales integrados.<\/p>\n              <\/div>\n            <\/div>\n                        <\/div>\n      <div class=\"block-product-characteristics__column\">\n                                                <div class=\"block-product-characteristics__item\">\n              \n\n\n\n\t<span\n    x-ref=\"$el\"\n    :class=\"[\n      'base-image',\n      lazy ? '-is-lazy' : '',\n      loaded ? '-is-loaded' : ''\n    ]\"\n    data-lazy=\"false\"\n    x-intersect.once=\"onintersect\"\n    x-data=\"image\"\n    style=\"--w: 32; --h: 32;\"\n    >\n\n  \t\t<picture class=\"base-image__picture\" x-ref=\"$picture\">\n\n\t\t\t\t\t\t\t<source media=\"(max-width: 1024px)\" data-srcset=\"https:\/\/www.fas.it\/app\/uploads\/2025\/11\/Digital-Payments-1.svg\" type=\"image\/webp\">\n\t\t\t\t<source media=\"(max-width: 1024px)\" data-srcset=\"https:\/\/www.fas.it\/app\/uploads\/2025\/11\/Digital-Payments-1.svg\" type=\"image\/jpeg\">\n\t\t\t\t\t\t<source data-srcset=\"https:\/\/www.fas.it\/app\/uploads\/2025\/11\/Digital-Payments-1.svg\" type=\"image\/webp\">\n\t\t\t<source data-srcset=\"https:\/\/www.fas.it\/app\/uploads\/2025\/11\/Digital-Payments-1.svg\" type=\"image\/jpeg\">\n\n\t\t\t\t\t\t\t<img decoding=\"async\" x-ref=\"$image\" srcset=\"https:\/\/www.fas.it\/app\/uploads\/2025\/11\/Digital-Payments-1.svg 1x, https:\/\/www.fas.it\/app\/uploads\/2025\/11\/Digital-Payments-1.svg 2x, https:\/\/www.fas.it\/app\/uploads\/2025\/11\/Digital-Payments-1.svg 3x, https:\/\/www.fas.it\/app\/uploads\/2025\/11\/Digital-Payments-1.svg 4x\" loading=\"eager\" src=\"https:\/\/www.fas.it\/app\/uploads\/2025\/11\/Digital-Payments-1.svg\" alt=\"Digital Payments\" width=\"32\" height=\"32\" @load.once=\"onload\">\n\t\t\t\n\t\t<\/picture>\n\t<\/span>\n              <div>\n                <h6 data-inview>DIGITAL PAYMENT<\/h6>\n                <hr>\n                <p data-inview>La soluci\u00f3n integrada que ofrece una experiencia de pago inmediata con las principales plataformas digitales<\/p>\n              <\/div>\n            <\/div>\n                                          <\/div>\n    <\/div>\n  <\/template>\n  <template x-if=\"!$store.layout.isMobile\">\n    <div x-ref=\"contentWr\" class=\"block-product-characteristics__content-wr\" :style=\"`--contents-length: 2;`\">\n      <div class=\"block-product-characteristics__content\">\n        <div class=\"block-product-characteristics__column\">\n                                    <div class=\"block-product-characteristics__item\" data-content=\"left\">\n                \n\n\n\n\t<span\n    x-ref=\"$el\"\n    :class=\"[\n      'base-image',\n      lazy ? '-is-lazy' : '',\n      loaded ? '-is-loaded' : ''\n    ]\"\n    data-lazy=\"false\"\n    x-intersect.once=\"onintersect\"\n    x-data=\"image\"\n    style=\"--w: 32; --h: 32;\"\n    >\n\n  \t\t<picture class=\"base-image__picture\" x-ref=\"$picture\">\n\n\t\t\t\t\t\t\t<source media=\"(max-width: 1024px)\" data-srcset=\"https:\/\/www.fas.it\/app\/uploads\/2025\/11\/FasCloud-1.svg\" type=\"image\/webp\">\n\t\t\t\t<source media=\"(max-width: 1024px)\" data-srcset=\"https:\/\/www.fas.it\/app\/uploads\/2025\/11\/FasCloud-1.svg\" type=\"image\/jpeg\">\n\t\t\t\t\t\t<source data-srcset=\"https:\/\/www.fas.it\/app\/uploads\/2025\/11\/FasCloud-1.svg\" type=\"image\/webp\">\n\t\t\t<source data-srcset=\"https:\/\/www.fas.it\/app\/uploads\/2025\/11\/FasCloud-1.svg\" type=\"image\/jpeg\">\n\n\t\t\t\t\t\t\t<img decoding=\"async\" x-ref=\"$image\" srcset=\"https:\/\/www.fas.it\/app\/uploads\/2025\/11\/FasCloud-1.svg 1x, https:\/\/www.fas.it\/app\/uploads\/2025\/11\/FasCloud-1.svg 2x, https:\/\/www.fas.it\/app\/uploads\/2025\/11\/FasCloud-1.svg 3x, https:\/\/www.fas.it\/app\/uploads\/2025\/11\/FasCloud-1.svg 4x\" loading=\"eager\" src=\"https:\/\/www.fas.it\/app\/uploads\/2025\/11\/FasCloud-1.svg\" alt=\"FasCloud\" width=\"32\" height=\"32\" @load.once=\"onload\">\n\t\t\t\n\t\t<\/picture>\n\t<\/span>\n                <div>\n                  <h6>FAS CLOUD +<\/h6>\n                  <hr>\n                  <p>El software que permite configurar y mantener la m\u00e1quina de vending de manera f\u00e1cil e intuitiva, incluso en remoto<\/p>\n                <\/div>\n              <\/div>\n                                                                      <div class=\"block-product-characteristics__item\" data-content=\"left\">\n                \n\n\n\n\t<span\n    x-ref=\"$el\"\n    :class=\"[\n      'base-image',\n      lazy ? '-is-lazy' : '',\n      loaded ? '-is-loaded' : ''\n    ]\"\n    data-lazy=\"false\"\n    x-intersect.once=\"onintersect\"\n    x-data=\"image\"\n    style=\"--w: 33; --h: 33;\"\n    >\n\n  \t\t<picture class=\"base-image__picture\" x-ref=\"$picture\">\n\n\t\t\t\t\t\t\t<source media=\"(max-width: 1024px)\" data-srcset=\"https:\/\/www.fas.it\/app\/uploads\/2025\/07\/wifi-integrato.svg\" type=\"image\/webp\">\n\t\t\t\t<source media=\"(max-width: 1024px)\" data-srcset=\"https:\/\/www.fas.it\/app\/uploads\/2025\/07\/wifi-integrato.svg\" type=\"image\/jpeg\">\n\t\t\t\t\t\t<source data-srcset=\"https:\/\/www.fas.it\/app\/uploads\/2025\/07\/wifi-integrato.svg\" type=\"image\/webp\">\n\t\t\t<source data-srcset=\"https:\/\/www.fas.it\/app\/uploads\/2025\/07\/wifi-integrato.svg\" type=\"image\/jpeg\">\n\n\t\t\t\t\t\t\t<img decoding=\"async\" x-ref=\"$image\" srcset=\"https:\/\/www.fas.it\/app\/uploads\/2025\/07\/wifi-integrato.svg 1x, https:\/\/www.fas.it\/app\/uploads\/2025\/07\/wifi-integrato.svg 2x, https:\/\/www.fas.it\/app\/uploads\/2025\/07\/wifi-integrato.svg 3x, https:\/\/www.fas.it\/app\/uploads\/2025\/07\/wifi-integrato.svg 4x\" loading=\"eager\" src=\"https:\/\/www.fas.it\/app\/uploads\/2025\/07\/wifi-integrato.svg\" alt=\"wifi-integrato\" width=\"33\" height=\"33\" @load.once=\"onload\">\n\t\t\t\n\t\t<\/picture>\n\t<\/span>\n                <div>\n                  <h6>CONECTIVIDAD WI-FI<\/h6>\n                  <hr>\n                  <p>Con la conectividad Wi-Fi 2.0, la m\u00e1quina est\u00e1 siempre conectada y es compatible con los servicios digitales integrados.<\/p>\n                <\/div>\n              <\/div>\n                              <\/div>\n        <div class=\"block-product-characteristics__column -image-centered\">\n          \n\n\n\n\t<span\n    x-ref=\"$el\"\n    :class=\"[\n      'base-image',\n      lazy ? '-is-lazy' : '',\n      loaded ? '-is-loaded' : ''\n    ]\"\n    data-lazy=\"false\"\n    x-intersect.once=\"onintersect\"\n    x-data=\"image\"\n    style=\"--w: 1100; --h: 2560;\"\n    >\n\n  \t\t<picture class=\"base-image__picture\" x-ref=\"$picture\">\n\n\t\t\t\t\t\t\t<source media=\"(max-width: 1024px)\" data-srcset=\"https:\/\/www.fas.it\/app\/uploads\/2025\/11\/FAS-Victoria-1-440x1024.webp\" type=\"image\/webp\">\n\t\t\t\t<source media=\"(max-width: 1024px)\" data-srcset=\"https:\/\/www.fas.it\/app\/uploads\/2025\/11\/FAS-Victoria-1-440x1024.jpg\" type=\"image\/jpeg\">\n\t\t\t\t\t\t<source data-srcset=\"https:\/\/www.fas.it\/app\/uploads\/2025\/11\/FAS-Victoria-1-scaled.webp\" type=\"image\/webp\">\n\t\t\t<source data-srcset=\"https:\/\/www.fas.it\/app\/uploads\/2025\/11\/FAS-Victoria-1-scaled.jpg\" type=\"image\/jpeg\">\n\n\t\t\t\t\t\t\t<img fetchpriority=\"high\" decoding=\"async\" x-ref=\"$image\" srcset=\"https:\/\/www.fas.it\/app\/uploads\/2025\/11\/FAS-Victoria-1-scaled@1x.png 1x, https:\/\/www.fas.it\/app\/uploads\/2025\/11\/FAS-Victoria-1-scaled@2x.png 2x, https:\/\/www.fas.it\/app\/uploads\/2025\/11\/FAS-Victoria-1-scaled@3x.png 3x, https:\/\/www.fas.it\/app\/uploads\/2025\/11\/FAS-Victoria-1-scaled@4x.png 4x\" loading=\"eager\" src=\"https:\/\/www.fas.it\/app\/uploads\/2025\/11\/FAS-Victoria-1-scaled.jpg\" alt=\"FAS Victoria\" width=\"1100\" height=\"2560\" @load.once=\"onload\">\n\t\t\t\n\t\t<\/picture>\n\t<\/span>\n        <\/div>\n        <div class=\"block-product-characteristics__column\">\n                                                          <div class=\"block-product-characteristics__item\" data-content=\"right\">\n                <div>\n                  <h6>DIGITAL PAYMENT<\/h6>\n                  <hr>\n                  <p>La soluci\u00f3n integrada que ofrece una experiencia de pago inmediata con las principales plataformas digitales<\/p>\n                <\/div>\n                \n\n\n\n\t<span\n    x-ref=\"$el\"\n    :class=\"[\n      'base-image',\n      lazy ? '-is-lazy' : '',\n      loaded ? '-is-loaded' : ''\n    ]\"\n    data-lazy=\"false\"\n    x-intersect.once=\"onintersect\"\n    x-data=\"image\"\n    style=\"--w: 32; --h: 32;\"\n    >\n\n  \t\t<picture class=\"base-image__picture\" x-ref=\"$picture\">\n\n\t\t\t\t\t\t\t<source media=\"(max-width: 1024px)\" data-srcset=\"https:\/\/www.fas.it\/app\/uploads\/2025\/11\/Digital-Payments-1.svg\" type=\"image\/webp\">\n\t\t\t\t<source media=\"(max-width: 1024px)\" data-srcset=\"https:\/\/www.fas.it\/app\/uploads\/2025\/11\/Digital-Payments-1.svg\" type=\"image\/jpeg\">\n\t\t\t\t\t\t<source data-srcset=\"https:\/\/www.fas.it\/app\/uploads\/2025\/11\/Digital-Payments-1.svg\" type=\"image\/webp\">\n\t\t\t<source data-srcset=\"https:\/\/www.fas.it\/app\/uploads\/2025\/11\/Digital-Payments-1.svg\" type=\"image\/jpeg\">\n\n\t\t\t\t\t\t\t<img decoding=\"async\" x-ref=\"$image\" srcset=\"https:\/\/www.fas.it\/app\/uploads\/2025\/11\/Digital-Payments-1.svg 1x, https:\/\/www.fas.it\/app\/uploads\/2025\/11\/Digital-Payments-1.svg 2x, https:\/\/www.fas.it\/app\/uploads\/2025\/11\/Digital-Payments-1.svg 3x, https:\/\/www.fas.it\/app\/uploads\/2025\/11\/Digital-Payments-1.svg 4x\" loading=\"eager\" src=\"https:\/\/www.fas.it\/app\/uploads\/2025\/11\/Digital-Payments-1.svg\" alt=\"Digital Payments\" width=\"32\" height=\"32\" @load.once=\"onload\">\n\t\t\t\n\t\t<\/picture>\n\t<\/span>\n              <\/div>\n                                                    <\/div>\n      <\/div>\n    <\/div>\n  <\/template>\n<\/section>\n\n\n\n\n\n<section\n  class=\"block-slider-info-cards -content-mode-with_number\"\n  x-data=\"{\n    activeIndex: 0,\n    carouselId: 'slider-1143517734',\n    isFirst: true,\n    isLast: false,\n    showCarousel: $store.layout.isMobile || true\n  }\"\n  @carousel-slidechange.window=\"\n    if ($event.detail.id === carouselId) {\n      activeIndex = $event.detail.activeIndex;\n      isFirst = $event.detail.isFirst;\n      isLast = $event.detail.isLast;\n    }\"\n>\n  <div class=\"block-slider-info-cards__row -header\">\n    <div class=\"block-slider-info-cards__headings-wrapper\">\n              <div class=\"block-slider-info-cards__pretitle\">\n          <p data-inview>Experiencia de compra<\/p>\n          <hr>\n        <\/div>\n                    <h2 class=\"block-slider-info-cards__title\" data-inview data-split>Una interfaz intuitiva. Una oferta a medida. <\/h2>\n          <\/div>\n\n    <template x-if=\"showCarousel\">\n      <div class=\"block-slider-info-cards__custom-nav\">\n        <button\n          type=\"button\"\n          class=\"block-landing-launch-products__nav-btn -prev\"\n          @click=\"$dispatch('carousel-prev', { id: carouselId })\"\n          aria-label=\"Slide precedente\"\n          :disabled=\"isFirst\"\n        >\n          <svg xmlns=\"http:\/\/www.w3.org\/2000\/svg\" width=\"24\" height=\"24\" viewBox=\"0 0 24 24\" fill=\"none\">\n            <path d=\"M15 6L8.99997 12L15 18.0001\" stroke=\"black\" stroke_linecap=\"round\" stroke_linejoin=\"round\"\/>\n          <\/svg>\n        <\/button>\n\n        <button\n          type=\"button\"\n          class=\"block-landing-launch-products__nav-btn -next\"\n          @click=\"$dispatch('carousel-next', { id: carouselId })\"\n          aria-label=\"Slide successiva\"\n          :disabled=\"isLast\"\n        >\n          <svg xmlns=\"http:\/\/www.w3.org\/2000\/svg\" width=\"24\" height=\"24\" viewBox=\"0 0 24 24\" fill=\"none\">\n            <path d=\"M9 6L15 12L9 18.0001\" stroke=\"black\" stroke_linecap=\"round\" stroke_linejoin=\"round\"\/>\n          <\/svg>\n        <\/button>\n      <\/div>\n    <\/template>\n  <\/div>\n\n  <div class=\"block-slider-info-cards__row\">\n    <template x-if=\"showCarousel\">\n      \n\n<div\n  class=\"base-carousel \"\n  x-data=\"carousel\"\n  x-ref=\"$el\"\n  data-value='{\"options\":{\"loop\":false,\"slidesPerView\":1.1,\"spaceBetween\":8,\"pagination\":false,\"navigation\":false,\"breakpoints\":{\"1025\":{\"slidesPerView\":2.06,\"spaceBetween\":8}}},\"activeIndex\":null,\"id\":\"slider-1143517734\"}'\n  :style=\"`--space-between: ${ spaceBetween }`\"\n  @slide-next.window=\"handleSlidechangeEvent()\"\n  @carousel-slide-to.window=\"handleSlideToEvent($event)\"\n  @carousel-prev.window=\"handleSlidePrevEvent($event)\"\n  @carousel-next.window=\"handleSlideNextEvent($event)\"\n  \n>\n\n    <div\n    :class=\"[\n      'base-carousel__content',\n    ]\"\n  >\n    <div class=\"base-carousel__slider swiper\" x-ref=\"$carousel\">\n      <div class=\"base-carousel__wrapper swiper-wrapper\">\n                                <div class=\"swiper-slide\">\n              <div class=\"info-card\">\n                <div class=\"info-card__content\">\n                                      <h5 class=\"info-card__title -color-black\" data-inview>A\u00fan m\u00e1s grande, a\u00fan m\u00e1s intuitiva<\/h5>\n                                                        <div class=\"info-card__text\">\n                      <p data-inview>M\u00e1quina de vending con infusor expreso patentado, una o dos campanas de caf\u00e9 y seis productos solubles. Ofrece una amplia selecci\u00f3n: expreso, capuchino, chocolate, cebada, ginseng y mucho m\u00e1s. Cada pausa es un momento de placer, en la que el consumidor siempre encuentra su bebida y la saborea en su mejor versi\u00f3n. Con una capacidad de 780 vasos, es la soluci\u00f3n ideal para un gran n\u00famero de locales p\u00fablicos o privados, incluso con mucho flujo de personas.<\/p>\n                    <\/div>\n                                  <\/div>\n                                <div class=\"info-card__number\">\n                  <p data-inview>\n                  \/\/ 01\n                  <\/p>\n                <\/div>\n                              <\/div>\n            <\/div>\n                      <div class=\"swiper-slide\">\n              <div class=\"info-card\">\n                <div class=\"info-card__content\">\n                                      <h5 class=\"info-card__title -color-black\" data-inview>Explora, selecciona, paga, recoge<\/h5>\n                                                        <div class=\"info-card__text\">\n                      <p data-inview>Comprar es una experiencia intuitiva y r\u00e1pida: la amplia pantalla t\u00e1ctil gu\u00eda al usuario con un men\u00fa totalmente personalizable para una selecci\u00f3n inmediata y atractiva. Los pagos son sencillos y r\u00e1pidos gracias a los sistemas digitales  integrados y a otras soluciones que se pueden instalar. El compartimento ergon\u00f3mico facilita la retirada del producto y su dise\u00f1o moderno, con acabados en aluminio anodizado y frontal con \u00abefecto cristal\u00bb personalizable, completan la experiencia<\/p>\n                    <\/div>\n                                  <\/div>\n                                <div class=\"info-card__number\">\n                  <p data-inview>\n                  \/\/ 02\n                  <\/p>\n                <\/div>\n                              <\/div>\n            <\/div>\n                      <div class=\"swiper-slide\">\n              <div class=\"info-card\">\n                <div class=\"info-card__content\">\n                                      <h5 class=\"info-card__title -color-black\" data-inview>El resultado con un solo toque<\/h5>\n                                                        <div class=\"info-card__text\">\n                      <p data-inview>La amplia interfaz t\u00e1ctil de 21,1&#8243; est\u00e1 dise\u00f1ada para guiar al usuario en la compra de manera personalizada seg\u00fan sus necesidades. Un toque y listo, modo carrito, pago digital, promociones, publicidad: son algunas de las configuraciones posibles para ofrecer al consumidor una experiencia sin preocupaciones.<\/p>\n                    <\/div>\n                                  <\/div>\n                                <div class=\"info-card__number\">\n                  <p data-inview>\n                  \/\/ 03\n                  <\/p>\n                <\/div>\n                              <\/div>\n            <\/div>\n                        <\/div>\n    <\/div>\n\n    \n  <\/div>\n\n<\/div>\n    <\/template>\n\n    <template x-if=\"!showCarousel\">\n      <div class=\"block-slider-info-cards__static-wrapper\">\n                  <div class=\"block-slider-info-cards__static-item\">\n            <div class=\"info-card\">\n              <div class=\"info-card__content\">\n                                  <h5 class=\"info-card__title -color-black\" data-inview>A\u00fan m\u00e1s grande, a\u00fan m\u00e1s intuitiva<\/h5>\n                                                  <div class=\"info-card__text\">\n                    <p data-inview>M\u00e1quina de vending con infusor expreso patentado, una o dos campanas de caf\u00e9 y seis productos solubles. Ofrece una amplia selecci\u00f3n: expreso, capuchino, chocolate, cebada, ginseng y mucho m\u00e1s. Cada pausa es un momento de placer, en la que el consumidor siempre encuentra su bebida y la saborea en su mejor versi\u00f3n. Con una capacidad de 780 vasos, es la soluci\u00f3n ideal para un gran n\u00famero de locales p\u00fablicos o privados, incluso con mucho flujo de personas.<\/p>\n                  <\/div>\n                              <\/div>\n                            <div class=\"info-card__number\">\n                <p data-inview>\n                \/\/ 01\n                <\/p>\n              <\/div>\n                          <\/div>\n          <\/div>\n                  <div class=\"block-slider-info-cards__static-item\">\n            <div class=\"info-card\">\n              <div class=\"info-card__content\">\n                                  <h5 class=\"info-card__title -color-black\" data-inview>Explora, selecciona, paga, recoge<\/h5>\n                                                  <div class=\"info-card__text\">\n                    <p data-inview>Comprar es una experiencia intuitiva y r\u00e1pida: la amplia pantalla t\u00e1ctil gu\u00eda al usuario con un men\u00fa totalmente personalizable para una selecci\u00f3n inmediata y atractiva. Los pagos son sencillos y r\u00e1pidos gracias a los sistemas digitales  integrados y a otras soluciones que se pueden instalar. El compartimento ergon\u00f3mico facilita la retirada del producto y su dise\u00f1o moderno, con acabados en aluminio anodizado y frontal con \u00abefecto cristal\u00bb personalizable, completan la experiencia<\/p>\n                  <\/div>\n                              <\/div>\n                            <div class=\"info-card__number\">\n                <p data-inview>\n                \/\/ 02\n                <\/p>\n              <\/div>\n                          <\/div>\n          <\/div>\n                  <div class=\"block-slider-info-cards__static-item\">\n            <div class=\"info-card\">\n              <div class=\"info-card__content\">\n                                  <h5 class=\"info-card__title -color-black\" data-inview>El resultado con un solo toque<\/h5>\n                                                  <div class=\"info-card__text\">\n                    <p data-inview>La amplia interfaz t\u00e1ctil de 21,1&#8243; est\u00e1 dise\u00f1ada para guiar al usuario en la compra de manera personalizada seg\u00fan sus necesidades. Un toque y listo, modo carrito, pago digital, promociones, publicidad: son algunas de las configuraciones posibles para ofrecer al consumidor una experiencia sin preocupaciones.<\/p>\n                  <\/div>\n                              <\/div>\n                            <div class=\"info-card__number\">\n                <p data-inview>\n                \/\/ 03\n                <\/p>\n              <\/div>\n                          <\/div>\n          <\/div>\n              <\/div>\n    <\/template>\n\n  <\/div>\n<\/section>\n\n\n\n    \n\n\n<section class=\"block-product-advantages\" id=\"product-advantages\" :style=\"`--advantages-length: 3;`\">\n  <div class=\"block-product-advantages__column\">\n    \n\n\n\n\t<span\n    x-ref=\"$el\"\n    :class=\"[\n      'base-image',\n      lazy ? '-is-lazy' : '',\n      loaded ? '-is-loaded' : ''\n    ]\"\n    data-lazy=\"false\"\n    x-intersect.once=\"onintersect\"\n    x-data=\"image\"\n    style=\"--w: 730; --h: 1080;\"\n    >\n\n  \t\t<picture class=\"base-image__picture\" x-ref=\"$picture\">\n\n\t\t\t\t\t\t\t<source media=\"(max-width: 1024px)\" data-srcset=\"https:\/\/www.fas.it\/app\/uploads\/2025\/11\/Victoria-taglio-1-692x1024.webp\" type=\"image\/webp\">\n\t\t\t\t<source media=\"(max-width: 1024px)\" data-srcset=\"https:\/\/www.fas.it\/app\/uploads\/2025\/11\/Victoria-taglio-1-692x1024.jpg\" type=\"image\/jpeg\">\n\t\t\t\t\t\t<source data-srcset=\"https:\/\/www.fas.it\/app\/uploads\/2025\/11\/Victoria-taglio-1.webp\" type=\"image\/webp\">\n\t\t\t<source data-srcset=\"https:\/\/www.fas.it\/app\/uploads\/2025\/11\/Victoria-taglio-1.jpg\" type=\"image\/jpeg\">\n\n\t\t\t\t\t\t\t<img decoding=\"async\" x-ref=\"$image\" srcset=\"https:\/\/www.fas.it\/app\/uploads\/2025\/11\/Victoria-taglio-1@1x.png 1x, https:\/\/www.fas.it\/app\/uploads\/2025\/11\/Victoria-taglio-1@2x.png 2x, https:\/\/www.fas.it\/app\/uploads\/2025\/11\/Victoria-taglio-1@3x.png 3x, https:\/\/www.fas.it\/app\/uploads\/2025\/11\/Victoria-taglio-1@4x.png 4x\" loading=\"eager\" src=\"https:\/\/www.fas.it\/app\/uploads\/2025\/11\/Victoria-taglio-1.jpg\" alt=\"Victoria taglio\" width=\"730\" height=\"1080\" @load.once=\"onload\">\n\t\t\t\n\t\t<\/picture>\n\t<\/span>\n  <\/div>\n  <div class=\"block-product-advantages__column\">\n    <div class=\"block-product-advantages__content\">\n      <h4 data-inview data-split> Innovaci\u00f3n ecol\u00f3gica, concreta y responsable<\/h4>\n      <ul class=\"block-product-advantages__list\">\n                  <li class=\"block-product-advantages__advantage\" style=\"--advantage-idx: 0;\">\n            <div>\n              <h6 data-inview>Estandarizaci\u00f3n de los componentes<\/h6>\n              <h6 data-inview>1<\/h6>\n            <\/div>\n            <div>\n              <p data-inview>Los componentes utilizados en toda la gama caliente son los mismos, lo que facilita y simplifica la gesti\u00f3n de los repuestos.<\/p>\n              \n\n\n\n\t<span\n    x-ref=\"$el\"\n    :class=\"[\n      'base-image',\n      lazy ? '-is-lazy' : '',\n      loaded ? '-is-loaded' : ''\n    ]\"\n    data-lazy=\"false\"\n    x-intersect.once=\"onintersect\"\n    x-data=\"image\"\n    style=\"--w: 48; --h: 48;\"\n    >\n\n  \t\t<picture class=\"base-image__picture\" x-ref=\"$picture\">\n\n\t\t\t\t\t\t\t<source media=\"(max-width: 1024px)\" data-srcset=\"https:\/\/www.fas.it\/app\/uploads\/2025\/11\/Trituratore.svg\" type=\"image\/webp\">\n\t\t\t\t<source media=\"(max-width: 1024px)\" data-srcset=\"https:\/\/www.fas.it\/app\/uploads\/2025\/11\/Trituratore.svg\" type=\"image\/jpeg\">\n\t\t\t\t\t\t<source data-srcset=\"https:\/\/www.fas.it\/app\/uploads\/2025\/11\/Trituratore.svg\" type=\"image\/webp\">\n\t\t\t<source data-srcset=\"https:\/\/www.fas.it\/app\/uploads\/2025\/11\/Trituratore.svg\" type=\"image\/jpeg\">\n\n\t\t\t\t\t\t\t<img decoding=\"async\" x-ref=\"$image\" srcset=\"https:\/\/www.fas.it\/app\/uploads\/2025\/11\/Trituratore.svg 1x, https:\/\/www.fas.it\/app\/uploads\/2025\/11\/Trituratore.svg 2x, https:\/\/www.fas.it\/app\/uploads\/2025\/11\/Trituratore.svg 3x, https:\/\/www.fas.it\/app\/uploads\/2025\/11\/Trituratore.svg 4x\" loading=\"eager\" src=\"https:\/\/www.fas.it\/app\/uploads\/2025\/11\/Trituratore.svg\" alt=\"Trituratore\" width=\"48\" height=\"48\" @load.once=\"onload\">\n\t\t\t\n\t\t<\/picture>\n\t<\/span>\n            <\/div>\n          <\/li>\n                  <li class=\"block-product-advantages__advantage\" style=\"--advantage-idx: 1;\">\n            <div>\n              <h6 data-inview>Limpieza y mantenimiento f\u00e1cil y de manera r\u00e1pida<\/h6>\n              <h6 data-inview>2<\/h6>\n            <\/div>\n            <div>\n              <p data-inview>Dise\u00f1ada para facilitar la limpieza y el mantenimiento: requiere pocas operaciones para acceder a los componentes, sistemas autom\u00e1ticos para los circuitos, piezas extra\u00edbles y superficies f\u00e1cilmente higienizables.<\/p>\n              \n\n\n\n\t<span\n    x-ref=\"$el\"\n    :class=\"[\n      'base-image',\n      lazy ? '-is-lazy' : '',\n      loaded ? '-is-loaded' : ''\n    ]\"\n    data-lazy=\"false\"\n    x-intersect.once=\"onintersect\"\n    x-data=\"image\"\n    style=\"--w: 48; --h: 48;\"\n    >\n\n  \t\t<picture class=\"base-image__picture\" x-ref=\"$picture\">\n\n\t\t\t\t\t\t\t<source media=\"(max-width: 1024px)\" data-srcset=\"https:\/\/www.fas.it\/app\/uploads\/2025\/11\/Pulizia-1.svg\" type=\"image\/webp\">\n\t\t\t\t<source media=\"(max-width: 1024px)\" data-srcset=\"https:\/\/www.fas.it\/app\/uploads\/2025\/11\/Pulizia-1.svg\" type=\"image\/jpeg\">\n\t\t\t\t\t\t<source data-srcset=\"https:\/\/www.fas.it\/app\/uploads\/2025\/11\/Pulizia-1.svg\" type=\"image\/webp\">\n\t\t\t<source data-srcset=\"https:\/\/www.fas.it\/app\/uploads\/2025\/11\/Pulizia-1.svg\" type=\"image\/jpeg\">\n\n\t\t\t\t\t\t\t<img decoding=\"async\" x-ref=\"$image\" srcset=\"https:\/\/www.fas.it\/app\/uploads\/2025\/11\/Pulizia-1.svg 1x, https:\/\/www.fas.it\/app\/uploads\/2025\/11\/Pulizia-1.svg 2x, https:\/\/www.fas.it\/app\/uploads\/2025\/11\/Pulizia-1.svg 3x, https:\/\/www.fas.it\/app\/uploads\/2025\/11\/Pulizia-1.svg 4x\" loading=\"eager\" src=\"https:\/\/www.fas.it\/app\/uploads\/2025\/11\/Pulizia-1.svg\" alt=\"Pulizia\" width=\"48\" height=\"48\" @load.once=\"onload\">\n\t\t\t\n\t\t<\/picture>\n\t<\/span>\n            <\/div>\n          <\/li>\n                  <li class=\"block-product-advantages__advantage\" style=\"--advantage-idx: 2;\">\n            <div>\n              <h6 data-inview>Configuraci\u00f3n simplificada<\/h6>\n              <h6 data-inview>3<\/h6>\n            <\/div>\n            <div>\n              <p data-inview>Con la configuraci\u00f3n m\u00e1s adecuada, todas las m\u00e1quinas expendedoras se pueden personalizar f\u00e1cilmente gracias a Fas Cloud+, el software que permite gestionarlo tambi\u00e9n de forma remota.<\/p>\n              \n\n\n\n\t<span\n    x-ref=\"$el\"\n    :class=\"[\n      'base-image',\n      lazy ? '-is-lazy' : '',\n      loaded ? '-is-loaded' : ''\n    ]\"\n    data-lazy=\"false\"\n    x-intersect.once=\"onintersect\"\n    x-data=\"image\"\n    style=\"--w: 48; --h: 48;\"\n    >\n\n  \t\t<picture class=\"base-image__picture\" x-ref=\"$picture\">\n\n\t\t\t\t\t\t\t<source media=\"(max-width: 1024px)\" data-srcset=\"https:\/\/www.fas.it\/app\/uploads\/2025\/11\/Software-2.svg\" type=\"image\/webp\">\n\t\t\t\t<source media=\"(max-width: 1024px)\" data-srcset=\"https:\/\/www.fas.it\/app\/uploads\/2025\/11\/Software-2.svg\" type=\"image\/jpeg\">\n\t\t\t\t\t\t<source data-srcset=\"https:\/\/www.fas.it\/app\/uploads\/2025\/11\/Software-2.svg\" type=\"image\/webp\">\n\t\t\t<source data-srcset=\"https:\/\/www.fas.it\/app\/uploads\/2025\/11\/Software-2.svg\" type=\"image\/jpeg\">\n\n\t\t\t\t\t\t\t<img decoding=\"async\" x-ref=\"$image\" srcset=\"https:\/\/www.fas.it\/app\/uploads\/2025\/11\/Software-2.svg 1x, https:\/\/www.fas.it\/app\/uploads\/2025\/11\/Software-2.svg 2x, https:\/\/www.fas.it\/app\/uploads\/2025\/11\/Software-2.svg 3x, https:\/\/www.fas.it\/app\/uploads\/2025\/11\/Software-2.svg 4x\" loading=\"eager\" src=\"https:\/\/www.fas.it\/app\/uploads\/2025\/11\/Software-2.svg\" alt=\"Software\" width=\"48\" height=\"48\" @load.once=\"onload\">\n\t\t\t\n\t\t<\/picture>\n\t<\/span>\n            <\/div>\n          <\/li>\n              <\/ul>\n    <\/div>\n  <\/div>\n<\/section>\n\n\n\n<section class=\"block-product-variants\" id=\"product-variants\" x-data=\"{ activeIndex: 0 }\">\n  <div class=\"block-product-variants__header\">\n    <h6 class=\"block-product-variants__pretitle\" data-inview>Especificaciones t\u00e9cnicas<\/h6>\n    <h2 class=\"block-product-variants__title\" data-inview data-split>Todos los datos t\u00e9cnicos para conocerla mejor<\/h2>\n\n      <\/div>\n\n  <div class=\"block-product-variants__variants\">\n      <\/div>\n<\/section>\n\n\n\n<section\n  class=\"block-launch-products\"\n  x-data=\"{ activeIndex: 0, carouselId: 'slider-816955229', isFirst: true, isLast: false }\"\n  @carousel-slidechange.window=\"\n    if ($event.detail.id === carouselId) {\n      activeIndex = $event.detail.activeIndex;\n      isFirst = $event.detail.isFirst;\n      isLast = $event.detail.isLast;\n    }\">\n  <div class=\"block-launch-products__row -header\">\n    <div class=\"block-launch-products__headings-wrapper\">\n              <h5 class=\"block-launch-products__title\" data-inview>Descubre los dem\u00e1s productos<\/h5>\n          <\/div>\n\n    <div class=\"block-launch-products__custom-nav\">\n      <button\n        type=\"button\"\n        class=\"block-landing-launch-products__nav-btn -prev\"\n        @click=\"$dispatch('carousel-prev', { id: carouselId })\"\n        aria-label=\"Slide precedente\"\n        :disabled=\"isFirst\"\n      >\n        <svg xmlns=\"http:\/\/www.w3.org\/2000\/svg\" width=\"24\" height=\"24\" viewBox=\"0 0 24 24\" fill=\"none\">\n          <path d=\"M15 6L8.99997 12L15 18.0001\" stroke=\"black\" stroke-linecap=\"round\" stroke-linejoin=\"round\"\/>\n        <\/svg>\n      <\/button>\n\n      <button\n        type=\"button\"\n        class=\"block-landing-launch-products__nav-btn -next\"\n        @click=\"$dispatch('carousel-next', { id: carouselId })\"\n        aria-label=\"Slide successiva\"\n        :disabled=\"isLast\"\n      >\n        <svg xmlns=\"http:\/\/www.w3.org\/2000\/svg\" width=\"24\" height=\"24\" viewBox=\"0 0 24 24\" fill=\"none\">\n          <path d=\"M9 6L15 12L9 18.0001\" stroke=\"black\" stroke-linecap=\"round\" stroke-linejoin=\"round\"\/>\n        <\/svg>\n      <\/button>\n    <\/div>\n  <\/div>\n\n  <div class=\"block-launch-products__row\">\n    \n\n<div\n  class=\"base-carousel \"\n  x-data=\"carousel\"\n  x-ref=\"$el\"\n  data-value='{\"options\":{\"loop\":false,\"slidesPerView\":1.2,\"spaceBetween\":8,\"pagination\":false,\"navigation\":false,\"breakpoints\":{\"769\":{\"slidesPerView\":\"2.1\",\"spaceBetween\":8},\"1025\":{\"slidesPerView\":\"2.4\",\"spaceBetween\":8}}},\"activeIndex\":null,\"id\":\"slider-816955229\"}'\n  :style=\"`--space-between: ${ spaceBetween }`\"\n  @slide-next.window=\"handleSlidechangeEvent()\"\n  @carousel-slide-to.window=\"handleSlideToEvent($event)\"\n  @carousel-prev.window=\"handleSlidePrevEvent($event)\"\n  @carousel-next.window=\"handleSlideNextEvent($event)\"\n  \n>\n\n    <div\n    :class=\"[\n      'base-carousel__content',\n    ]\"\n  >\n    <div class=\"base-carousel__slider swiper\" x-ref=\"$carousel\">\n      <div class=\"base-carousel__wrapper swiper-wrapper\">\n                                                                                <div class=\"swiper-slide\">\n              <div class=\"product-card -color-g-arancio-light\">\n                <div class=\"product-card__content\">\n                                      <a class=\"product-card__title\" href=\"https:\/\/www.fas.it\/es\/producto\/mia\/\"><h3 data-inview data-split>Mia<\/h3><\/a>\n                    <a href=\"https:\/\/www.fas.it\/es\/producto\/mia\/\">\n\n\n\n\t<span\n    x-ref=\"$el\"\n    :class=\"[\n      'base-image',\n      lazy ? '-is-lazy' : '',\n      loaded ? '-is-loaded' : ''\n    ]\"\n    data-lazy=\"false\"\n    x-intersect.once=\"onintersect\"\n    x-data=\"image\"\n    style=\"--w: 1091; --h: 2480;\"\n    >\n\n  \t\t<picture class=\"base-image__picture\" x-ref=\"$picture\">\n\n\t\t\t\t\t\t\t<source media=\"(max-width: 1024px)\" data-srcset=\"https:\/\/www.fas.it\/app\/uploads\/2025\/11\/FAS-MIA-45-ok-1-450x1024.webp\" type=\"image\/webp\">\n\t\t\t\t<source media=\"(max-width: 1024px)\" data-srcset=\"https:\/\/www.fas.it\/app\/uploads\/2025\/11\/FAS-MIA-45-ok-1-450x1024.jpg\" type=\"image\/jpeg\">\n\t\t\t\t\t\t<source data-srcset=\"https:\/\/www.fas.it\/app\/uploads\/2025\/11\/FAS-MIA-45-ok-1.webp\" type=\"image\/webp\">\n\t\t\t<source data-srcset=\"https:\/\/www.fas.it\/app\/uploads\/2025\/11\/FAS-MIA-45-ok-1.jpg\" type=\"image\/jpeg\">\n\n\t\t\t\t\t\t\t<img decoding=\"async\" x-ref=\"$image\" srcset=\"https:\/\/www.fas.it\/app\/uploads\/2025\/11\/FAS-MIA-45-ok-1@1x.png 1x, https:\/\/www.fas.it\/app\/uploads\/2025\/11\/FAS-MIA-45-ok-1@2x.png 2x, https:\/\/www.fas.it\/app\/uploads\/2025\/11\/FAS-MIA-45-ok-1@3x.png 3x, https:\/\/www.fas.it\/app\/uploads\/2025\/11\/FAS-MIA-45-ok-1@4x.png 4x\" loading=\"eager\" src=\"https:\/\/www.fas.it\/app\/uploads\/2025\/11\/FAS-MIA-45-ok-1.jpg\" alt=\"FAS MIA 45 ok\" width=\"1091\" height=\"2480\" @load.once=\"onload\">\n\t\t\t\n\t\t<\/picture>\n\t<\/span>\n<\/a>\n                                  <\/div>\n                <div class=\"product-card__details\">\n                  <div>\n                    <h6 class=\"product-card__solution\" data-inview>\/\/ Hot<\/h6>\n                  <\/div>\n                  <div>\n                                                            <p class=\"product-card__variants\">\n                      2\n                      Variantes disponibles\n                    <\/p>\n                                        <div class=\"product-card__tags\">\n                                          <p data-inview>Tablet 13,3&#8243;<\/p>\n                                        <\/div>\n                  <\/div>\n                <\/div>\n              <\/div>\n            <\/div>\n                                                                      <div class=\"swiper-slide\">\n              <div class=\"product-card -color-g-arancio-light\">\n                <div class=\"product-card__content\">\n                                      <a class=\"product-card__title\" href=\"https:\/\/www.fas.it\/es\/producto\/lydia\/\"><h3 data-inview data-split>Lydia<\/h3><\/a>\n                    <a href=\"https:\/\/www.fas.it\/es\/producto\/lydia\/\">\n\n\n\n\t<span\n    x-ref=\"$el\"\n    :class=\"[\n      'base-image',\n      lazy ? '-is-lazy' : '',\n      loaded ? '-is-loaded' : ''\n    ]\"\n    data-lazy=\"false\"\n    x-intersect.once=\"onintersect\"\n    x-data=\"image\"\n    style=\"--w: 1213; --h: 2560;\"\n    >\n\n  \t\t<picture class=\"base-image__picture\" x-ref=\"$picture\">\n\n\t\t\t\t\t\t\t<source media=\"(max-width: 1024px)\" data-srcset=\"https:\/\/www.fas.it\/app\/uploads\/2025\/11\/FAS-LYDIA-45-ok-1-485x1024.webp\" type=\"image\/webp\">\n\t\t\t\t<source media=\"(max-width: 1024px)\" data-srcset=\"https:\/\/www.fas.it\/app\/uploads\/2025\/11\/FAS-LYDIA-45-ok-1-485x1024.jpg\" type=\"image\/jpeg\">\n\t\t\t\t\t\t<source data-srcset=\"https:\/\/www.fas.it\/app\/uploads\/2025\/11\/FAS-LYDIA-45-ok-1-scaled.webp\" type=\"image\/webp\">\n\t\t\t<source data-srcset=\"https:\/\/www.fas.it\/app\/uploads\/2025\/11\/FAS-LYDIA-45-ok-1-scaled.jpg\" type=\"image\/jpeg\">\n\n\t\t\t\t\t\t\t<img decoding=\"async\" x-ref=\"$image\" srcset=\"https:\/\/www.fas.it\/app\/uploads\/2025\/11\/FAS-LYDIA-45-ok-1-scaled@1x.png 1x, https:\/\/www.fas.it\/app\/uploads\/2025\/11\/FAS-LYDIA-45-ok-1-scaled@2x.png 2x, https:\/\/www.fas.it\/app\/uploads\/2025\/11\/FAS-LYDIA-45-ok-1-scaled@3x.png 3x, https:\/\/www.fas.it\/app\/uploads\/2025\/11\/FAS-LYDIA-45-ok-1-scaled@4x.png 4x\" loading=\"eager\" src=\"https:\/\/www.fas.it\/app\/uploads\/2025\/11\/FAS-LYDIA-45-ok-1-scaled.jpg\" alt=\"FAS LYDIA 45 ok\" width=\"1213\" height=\"2560\" @load.once=\"onload\">\n\t\t\t\n\t\t<\/picture>\n\t<\/span>\n<\/a>\n                                  <\/div>\n                <div class=\"product-card__details\">\n                  <div>\n                    <h6 class=\"product-card__solution\" data-inview>\/\/ Hot<\/h6>\n                  <\/div>\n                  <div>\n                                                            <p class=\"product-card__variants\">\n                      3\n                      Variantes disponibles\n                    <\/p>\n                                        <div class=\"product-card__tags\">\n                                          <p data-inview>Tablet 13,3&#8243;<\/p>\n                                        <\/div>\n                  <\/div>\n                <\/div>\n              <\/div>\n            <\/div>\n                                                                      <div class=\"swiper-slide\">\n              <div class=\"product-card -color-g-arancio-light\">\n                <div class=\"product-card__content\">\n                                      <a class=\"product-card__title\" href=\"https:\/\/www.fas.it\/es\/producto\/combi\/\"><h3 data-inview data-split>Combi<\/h3><\/a>\n                    <a href=\"https:\/\/www.fas.it\/es\/producto\/combi\/\">\n\n\n\n\t<span\n    x-ref=\"$el\"\n    :class=\"[\n      'base-image',\n      lazy ? '-is-lazy' : '',\n      loaded ? '-is-loaded' : ''\n    ]\"\n    data-lazy=\"false\"\n    x-intersect.once=\"onintersect\"\n    x-data=\"image\"\n    style=\"--w: 2560; --h: 2560;\"\n    >\n\n  \t\t<picture class=\"base-image__picture\" x-ref=\"$picture\">\n\n\t\t\t\t\t\t\t<source media=\"(max-width: 1024px)\" data-srcset=\"https:\/\/www.fas.it\/app\/uploads\/2025\/11\/COMBI-2022-1024x1024.webp\" type=\"image\/webp\">\n\t\t\t\t<source media=\"(max-width: 1024px)\" data-srcset=\"https:\/\/www.fas.it\/app\/uploads\/2025\/11\/COMBI-2022-1024x1024.jpg\" type=\"image\/jpeg\">\n\t\t\t\t\t\t<source data-srcset=\"https:\/\/www.fas.it\/app\/uploads\/2025\/11\/COMBI-2022-scaled.webp\" type=\"image\/webp\">\n\t\t\t<source data-srcset=\"https:\/\/www.fas.it\/app\/uploads\/2025\/11\/COMBI-2022-scaled.jpg\" type=\"image\/jpeg\">\n\n\t\t\t\t\t\t\t<img decoding=\"async\" x-ref=\"$image\" srcset=\"https:\/\/www.fas.it\/app\/uploads\/2025\/11\/COMBI-2022-scaled@1x.png 1x, https:\/\/www.fas.it\/app\/uploads\/2025\/11\/COMBI-2022-scaled@2x.png 2x, https:\/\/www.fas.it\/app\/uploads\/2025\/11\/COMBI-2022-scaled@3x.png 3x, https:\/\/www.fas.it\/app\/uploads\/2025\/11\/COMBI-2022-scaled@4x.png 4x\" loading=\"eager\" src=\"https:\/\/www.fas.it\/app\/uploads\/2025\/11\/COMBI-2022-scaled.jpg\" alt=\"COMBI 2022\" width=\"2560\" height=\"2560\" @load.once=\"onload\">\n\t\t\t\n\t\t<\/picture>\n\t<\/span>\n<\/a>\n                                  <\/div>\n                <div class=\"product-card__details\">\n                  <div>\n                    <h6 class=\"product-card__solution\" data-inview>\/\/ Hot<\/h6>\n                  <\/div>\n                  <div>\n                                                            <p class=\"product-card__variants\">\n                      1\n                      Variante disponible\n                    <\/p>\n                                        <div class=\"product-card__tags\">\n                                          <p data-inview>Tablet 13,3&#8243;<\/p>\n                                        <\/div>\n                  <\/div>\n                <\/div>\n              <\/div>\n            <\/div>\n                    <\/div>\n    <\/div>\n\n    \n  <\/div>\n\n<\/div>\n  <\/div>\n<\/section>\n","protected":false},"featured_media":2341,"template":"","meta":{"_acf_changed":true},"class_list":["post-3436","prodotto","type-prodotto","status-publish","has-post-thumbnail","hentry"],"acf":[],"yoast_head":"<!-- This site is optimized with the Yoast SEO plugin v23.9 - https:\/\/yoast.com\/wordpress\/plugins\/seo\/ -->\n<title>Victoria | Espresso Vending Premium<\/title>\n<meta name=\"description\" content=\"La joya del caf\u00e9. Victoria combina un dise\u00f1o impactante con tecnolog\u00eda de presi\u00f3n variable para un espresso perfecto.\" \/>\n<meta name=\"robots\" content=\"index, follow, max-snippet:-1, max-image-preview:large, max-video-preview:-1\" \/>\n<link rel=\"canonical\" href=\"https:\/\/www.fas.it\/es\/producto\/victoria\/\" \/>\n<meta property=\"og:locale\" content=\"es_ES\" \/>\n<meta property=\"og:type\" content=\"article\" \/>\n<meta property=\"og:title\" content=\"Victoria | Espresso Vending Premium\" \/>\n<meta property=\"og:description\" content=\"La joya del caf\u00e9. Victoria combina un dise\u00f1o impactante con tecnolog\u00eda de presi\u00f3n variable para un espresso perfecto.\" \/>\n<meta property=\"og:url\" content=\"https:\/\/www.fas.it\/es\/producto\/victoria\/\" \/>\n<meta property=\"og:site_name\" content=\"Fas international\" \/>\n<meta property=\"article:modified_time\" content=\"2025-12-17T10:10:21+00:00\" \/>\n<meta property=\"og:image\" content=\"https:\/\/www.fas.it\/app\/uploads\/2025\/11\/VICTORIA-TAGLIO-2-scaled.png\" \/>\n\t<meta property=\"og:image:width\" content=\"2560\" \/>\n\t<meta property=\"og:image:height\" content=\"2560\" \/>\n\t<meta property=\"og:image:type\" content=\"image\/png\" \/>\n<meta name=\"twitter:card\" content=\"summary_large_image\" \/>\n<meta name=\"twitter:label1\" content=\"Est. reading time\" \/>\n\t<meta name=\"twitter:data1\" content=\"1 minute\" \/>\n<!-- \/ Yoast SEO plugin. -->","yoast_head_json":{"title":"Victoria | Espresso Vending Premium","description":"La joya del caf\u00e9. Victoria combina un dise\u00f1o impactante con tecnolog\u00eda de presi\u00f3n variable para un espresso perfecto.","robots":{"index":"index","follow":"follow","max-snippet":"max-snippet:-1","max-image-preview":"max-image-preview:large","max-video-preview":"max-video-preview:-1"},"canonical":"https:\/\/www.fas.it\/es\/producto\/victoria\/","og_locale":"es_ES","og_type":"article","og_title":"Victoria | Espresso Vending Premium","og_description":"La joya del caf\u00e9. Victoria combina un dise\u00f1o impactante con tecnolog\u00eda de presi\u00f3n variable para un espresso perfecto.","og_url":"https:\/\/www.fas.it\/es\/producto\/victoria\/","og_site_name":"Fas international","article_modified_time":"2025-12-17T10:10:21+00:00","og_image":[{"width":2560,"height":2560,"url":"https:\/\/www.fas.it\/app\/uploads\/2025\/11\/VICTORIA-TAGLIO-2-scaled.png","type":"image\/png"}],"twitter_card":"summary_large_image","twitter_misc":{"Est. reading time":"1 minute"},"schema":{"@context":"https:\/\/schema.org","@graph":[{"@type":"WebPage","@id":"https:\/\/www.fas.it\/es\/producto\/victoria\/","url":"https:\/\/www.fas.it\/es\/producto\/victoria\/","name":"Victoria | Espresso Vending Premium","isPartOf":{"@id":"https:\/\/www.fas.it\/es\/#website"},"primaryImageOfPage":{"@id":"https:\/\/www.fas.it\/es\/producto\/victoria\/#primaryimage"},"image":{"@id":"https:\/\/www.fas.it\/es\/producto\/victoria\/#primaryimage"},"thumbnailUrl":"https:\/\/www.fas.it\/app\/uploads\/2025\/11\/VICTORIA-TAGLIO-2-scaled.png","datePublished":"2025-11-14T10:43:29+00:00","dateModified":"2025-12-17T10:10:21+00:00","description":"La joya del caf\u00e9. Victoria combina un dise\u00f1o impactante con tecnolog\u00eda de presi\u00f3n variable para un espresso perfecto.","breadcrumb":{"@id":"https:\/\/www.fas.it\/es\/producto\/victoria\/#breadcrumb"},"inLanguage":"es-ES","potentialAction":[{"@type":"ReadAction","target":["https:\/\/www.fas.it\/es\/producto\/victoria\/"]}]},{"@type":"ImageObject","inLanguage":"es-ES","@id":"https:\/\/www.fas.it\/es\/producto\/victoria\/#primaryimage","url":"https:\/\/www.fas.it\/app\/uploads\/2025\/11\/VICTORIA-TAGLIO-2-scaled.png","contentUrl":"https:\/\/www.fas.it\/app\/uploads\/2025\/11\/VICTORIA-TAGLIO-2-scaled.png","width":2560,"height":2560},{"@type":"BreadcrumbList","@id":"https:\/\/www.fas.it\/es\/producto\/victoria\/#breadcrumb","itemListElement":[{"@type":"ListItem","position":1,"name":"Home","item":"https:\/\/www.fas.it\/es\/"},{"@type":"ListItem","position":2,"name":"Victoria"}]},{"@type":"WebSite","@id":"https:\/\/www.fas.it\/es\/#website","url":"https:\/\/www.fas.it\/es\/","name":"Fas international","description":"","potentialAction":[{"@type":"SearchAction","target":{"@type":"EntryPoint","urlTemplate":"https:\/\/www.fas.it\/es\/?s={search_term_string}"},"query-input":{"@type":"PropertyValueSpecification","valueRequired":true,"valueName":"search_term_string"}}],"inLanguage":"es-ES"}]}},"_links":{"self":[{"href":"https:\/\/www.fas.it\/es\/wp-json\/wp\/v2\/prodotto\/3436","targetHints":{"allow":["GET"]}}],"collection":[{"href":"https:\/\/www.fas.it\/es\/wp-json\/wp\/v2\/prodotto"}],"about":[{"href":"https:\/\/www.fas.it\/es\/wp-json\/wp\/v2\/types\/prodotto"}],"wp:featuredmedia":[{"embeddable":true,"href":"https:\/\/www.fas.it\/es\/wp-json\/wp\/v2\/media\/2341"}],"wp:attachment":[{"href":"https:\/\/www.fas.it\/es\/wp-json\/wp\/v2\/media?parent=3436"}],"curies":[{"name":"wp","href":"https:\/\/api.w.org\/{rel}","templated":true}]}}