{"id":3345,"date":"2025-07-18T11:48:14","date_gmt":"2025-07-18T09:48:14","guid":{"rendered":"https:\/\/fas.it\/chi-siamo\/"},"modified":"2025-12-11T18:35:46","modified_gmt":"2025-12-11T17:35:46","slug":"quienes-somos","status":"publish","type":"page","link":"https:\/\/www.fas.it\/es\/quienes-somos\/","title":{"rendered":"Qui\u00e9nes somos"},"content":{"rendered":"\n<section class=\"block-hero-sticky -bg-color -bg-color-g-blu\">\n      <div class=\"block-hero-sticky__row\">\n      <h1 class=\"block-hero-sticky__title\" data-inview data-split>Innovar forma parte de nuestra historia<\/h1>\n    <\/div>\n    <div class=\"block-hero-sticky__row\">\n      <template x-if=\"$store.layout.isMobile\">\n        <div>\n          <div class=\"block-hero-sticky__image\">\n              <template x-if=\"$store.layout.isMobile\">\n                \n\n\n\n\t<span\n    x-ref=\"$el\"\n    :class=\"[\n      'base-image',\n      lazy ? '-is-lazy' : '',\n      loaded ? '-is-loaded' : ''\n    ]\"\n    data-lazy=\"true\"\n    x-intersect.once=\"onintersect\"\n    x-data=\"image\"\n    style=\"--w: 683; --h: 830;\"\n    >\n\n  \t\t<picture class=\"base-image__picture\" x-ref=\"$picture\">\n\n\t\t\t\t\t\t\t<source media=\"(max-width: 1024px)\" data-srcset=\"https:\/\/www.fas.it\/app\/uploads\/2025\/10\/chi-siamo-hero-fas-M-min-e1762784242863.webp\" type=\"image\/webp\">\n\t\t\t\t<source media=\"(max-width: 1024px)\" data-srcset=\"https:\/\/www.fas.it\/app\/uploads\/2025\/10\/chi-siamo-hero-fas-M-min-e1762784242863.jpg\" type=\"image\/jpeg\">\n\t\t\t\t\t\t<source data-srcset=\"https:\/\/www.fas.it\/app\/uploads\/2025\/10\/chi-siamo-hero-fas-M-min-e1762784242863.webp\" type=\"image\/webp\">\n\t\t\t<source data-srcset=\"https:\/\/www.fas.it\/app\/uploads\/2025\/10\/chi-siamo-hero-fas-M-min-e1762784242863.jpg\" type=\"image\/jpeg\">\n\n\t\t\t\t\t\t\t<img x-ref=\"$image\" loading=\"lazy\" data-srcset=\"https:\/\/www.fas.it\/app\/uploads\/2025\/10\/chi-siamo-hero-fas-M-min-e1762784242863@1x.jpg 1x, https:\/\/www.fas.it\/app\/uploads\/2025\/10\/chi-siamo-hero-fas-M-min-e1762784242863@2x.jpg 2x, https:\/\/www.fas.it\/app\/uploads\/2025\/10\/chi-siamo-hero-fas-M-min-e1762784242863@3x.jpg 3x, https:\/\/www.fas.it\/app\/uploads\/2025\/10\/chi-siamo-hero-fas-M-min-e1762784242863@4x.jpg 4x\" data-src=\"https:\/\/www.fas.it\/app\/uploads\/2025\/10\/chi-siamo-hero-fas-M-min-e1762784242863.jpg\" alt=\"chi-siamo-hero-fas-M-min\" width=\"683\" height=\"830\" @load.once=\"onload\">\n\t\t\t\n\t\t<\/picture>\n\t<\/span>\n              <\/template>\n              <template x-if=\"!$store.layout.isMobile\">\n                \n\n\n\n\t<span\n    x-ref=\"$el\"\n    :class=\"[\n      'base-image',\n      lazy ? '-is-lazy' : '',\n      loaded ? '-is-loaded' : ''\n    ]\"\n    data-lazy=\"true\"\n    x-intersect.once=\"onintersect\"\n    x-data=\"image\"\n    style=\"--w: 1160; --h: 1408;\"\n    >\n\n  \t\t<picture class=\"base-image__picture\" x-ref=\"$picture\">\n\n\t\t\t\t\t\t\t<source media=\"(max-width: 1024px)\" data-srcset=\"https:\/\/www.fas.it\/app\/uploads\/2025\/10\/chi-siamo-hero-fas-min-846x1024.webp\" type=\"image\/webp\">\n\t\t\t\t<source media=\"(max-width: 1024px)\" data-srcset=\"https:\/\/www.fas.it\/app\/uploads\/2025\/10\/chi-siamo-hero-fas-min-846x1024.jpg\" type=\"image\/jpeg\">\n\t\t\t\t\t\t<source data-srcset=\"https:\/\/www.fas.it\/app\/uploads\/2025\/10\/chi-siamo-hero-fas-min-e1762784163153.webp\" type=\"image\/webp\">\n\t\t\t<source data-srcset=\"https:\/\/www.fas.it\/app\/uploads\/2025\/10\/chi-siamo-hero-fas-min-e1762784163153.jpg\" type=\"image\/jpeg\">\n\n\t\t\t\t\t\t\t<img x-ref=\"$image\" loading=\"lazy\" data-srcset=\"https:\/\/www.fas.it\/app\/uploads\/2025\/10\/chi-siamo-hero-fas-min-e1762784163153@1x.jpg 1x, https:\/\/www.fas.it\/app\/uploads\/2025\/10\/chi-siamo-hero-fas-min-e1762784163153@2x.jpg 2x, https:\/\/www.fas.it\/app\/uploads\/2025\/10\/chi-siamo-hero-fas-min-e1762784163153@3x.jpg 3x, https:\/\/www.fas.it\/app\/uploads\/2025\/10\/chi-siamo-hero-fas-min-e1762784163153@4x.jpg 4x\" data-src=\"https:\/\/www.fas.it\/app\/uploads\/2025\/10\/chi-siamo-hero-fas-min-e1762784163153.jpg\" alt=\"chi-siamo-hero-fas-min\" width=\"1160\" height=\"1408\" @load.once=\"onload\">\n\t\t\t\n\t\t<\/picture>\n\t<\/span>\n              <\/template>\n          <\/div>\n          <div class=\"block-hero-sticky__subtitle -left\">\n                          <h6 data-inview>Desde 1967, ponemos ideas en circulaci\u00f3n<\/h6>\n                      <\/div>\n          <div class=\"block-hero-sticky__subtitle -right\">\n                          <h6 data-inview>que simplifican los negocios del ma\u00f1ana.<\/h6>\n                      <\/div>\n        <\/div>\n      <\/template>\n      <template x-if=\"!$store.layout.isMobile\">\n        <div>\n          <div class=\"block-hero-sticky__subtitle -left\">\n                          <h6 data-inview>Desde 1967, ponemos ideas en circulaci\u00f3n<\/h6>\n                      <\/div>\n          <div class=\"block-hero-sticky__image\">\n              <template x-if=\"$store.layout.isMobile\">\n                \n\n\n\n\t<span\n    x-ref=\"$el\"\n    :class=\"[\n      'base-image',\n      lazy ? '-is-lazy' : '',\n      loaded ? '-is-loaded' : ''\n    ]\"\n    data-lazy=\"true\"\n    x-intersect.once=\"onintersect\"\n    x-data=\"image\"\n    style=\"--w: 683; --h: 830;\"\n    >\n\n  \t\t<picture class=\"base-image__picture\" x-ref=\"$picture\">\n\n\t\t\t\t\t\t\t<source media=\"(max-width: 1024px)\" data-srcset=\"https:\/\/www.fas.it\/app\/uploads\/2025\/10\/chi-siamo-hero-fas-M-min-e1762784242863.webp\" type=\"image\/webp\">\n\t\t\t\t<source media=\"(max-width: 1024px)\" data-srcset=\"https:\/\/www.fas.it\/app\/uploads\/2025\/10\/chi-siamo-hero-fas-M-min-e1762784242863.jpg\" type=\"image\/jpeg\">\n\t\t\t\t\t\t<source data-srcset=\"https:\/\/www.fas.it\/app\/uploads\/2025\/10\/chi-siamo-hero-fas-M-min-e1762784242863.webp\" type=\"image\/webp\">\n\t\t\t<source data-srcset=\"https:\/\/www.fas.it\/app\/uploads\/2025\/10\/chi-siamo-hero-fas-M-min-e1762784242863.jpg\" type=\"image\/jpeg\">\n\n\t\t\t\t\t\t\t<img x-ref=\"$image\" loading=\"lazy\" data-srcset=\"https:\/\/www.fas.it\/app\/uploads\/2025\/10\/chi-siamo-hero-fas-M-min-e1762784242863@1x.jpg 1x, https:\/\/www.fas.it\/app\/uploads\/2025\/10\/chi-siamo-hero-fas-M-min-e1762784242863@2x.jpg 2x, https:\/\/www.fas.it\/app\/uploads\/2025\/10\/chi-siamo-hero-fas-M-min-e1762784242863@3x.jpg 3x, https:\/\/www.fas.it\/app\/uploads\/2025\/10\/chi-siamo-hero-fas-M-min-e1762784242863@4x.jpg 4x\" data-src=\"https:\/\/www.fas.it\/app\/uploads\/2025\/10\/chi-siamo-hero-fas-M-min-e1762784242863.jpg\" alt=\"chi-siamo-hero-fas-M-min\" width=\"683\" height=\"830\" @load.once=\"onload\">\n\t\t\t\n\t\t<\/picture>\n\t<\/span>\n              <\/template>\n              <template x-if=\"!$store.layout.isMobile\">\n                \n\n\n\n\t<span\n    x-ref=\"$el\"\n    :class=\"[\n      'base-image',\n      lazy ? '-is-lazy' : '',\n      loaded ? '-is-loaded' : ''\n    ]\"\n    data-lazy=\"true\"\n    x-intersect.once=\"onintersect\"\n    x-data=\"image\"\n    style=\"--w: 1160; --h: 1408;\"\n    >\n\n  \t\t<picture class=\"base-image__picture\" x-ref=\"$picture\">\n\n\t\t\t\t\t\t\t<source media=\"(max-width: 1024px)\" data-srcset=\"https:\/\/www.fas.it\/app\/uploads\/2025\/10\/chi-siamo-hero-fas-min-846x1024.webp\" type=\"image\/webp\">\n\t\t\t\t<source media=\"(max-width: 1024px)\" data-srcset=\"https:\/\/www.fas.it\/app\/uploads\/2025\/10\/chi-siamo-hero-fas-min-846x1024.jpg\" type=\"image\/jpeg\">\n\t\t\t\t\t\t<source data-srcset=\"https:\/\/www.fas.it\/app\/uploads\/2025\/10\/chi-siamo-hero-fas-min-e1762784163153.webp\" type=\"image\/webp\">\n\t\t\t<source data-srcset=\"https:\/\/www.fas.it\/app\/uploads\/2025\/10\/chi-siamo-hero-fas-min-e1762784163153.jpg\" type=\"image\/jpeg\">\n\n\t\t\t\t\t\t\t<img x-ref=\"$image\" loading=\"lazy\" data-srcset=\"https:\/\/www.fas.it\/app\/uploads\/2025\/10\/chi-siamo-hero-fas-min-e1762784163153@1x.jpg 1x, https:\/\/www.fas.it\/app\/uploads\/2025\/10\/chi-siamo-hero-fas-min-e1762784163153@2x.jpg 2x, https:\/\/www.fas.it\/app\/uploads\/2025\/10\/chi-siamo-hero-fas-min-e1762784163153@3x.jpg 3x, https:\/\/www.fas.it\/app\/uploads\/2025\/10\/chi-siamo-hero-fas-min-e1762784163153@4x.jpg 4x\" data-src=\"https:\/\/www.fas.it\/app\/uploads\/2025\/10\/chi-siamo-hero-fas-min-e1762784163153.jpg\" alt=\"chi-siamo-hero-fas-min\" width=\"1160\" height=\"1408\" @load.once=\"onload\">\n\t\t\t\n\t\t<\/picture>\n\t<\/span>\n              <\/template>\n          <\/div>\n          <div class=\"block-hero-sticky__subtitle -right\">\n                          <h6 data-inview>que simplifican los negocios del ma\u00f1ana.<\/h6>\n                      <\/div>\n        <\/div>\n      <\/template>\n    <\/div>\n  <\/section>\n\n\n\n\n<section class=\"block-spacer -bg-white -space-tera\">\n\n<\/section>\n\n\n\n\n<section  class=\"block-content-left -bg-white -content-mode-pretitle_and_title\">\n  <div class=\"block-content-left__row\">\n          <div class=\"block-content-left__column\">\n        <p class=\"block-content-left__pretitle\" data-inview>Qui\u00e9nes somos actualmente<\/p>\n        <hr>\n      <\/div>\n      <h2 class=\"block-content-left__title \" data-inview data-split>Nacidos para evolucionar el mercado, guiados por la tecnolog\u00eda.<\/h2>\n      <\/div>\n<\/section>\n\n\n\n\n<section class=\"block-spacer -bg-white -space-xxl\">\n\n<\/section>\n\n\n\n<section class=\"block-content-text-double-imgs -bg-white\">\n  <div class=\"block-content-text-double-imgs__row\">\n    <div class=\"block-content-text-double-imgs__column\">\n          <p class=\"block-content-text-double-imgs__text\" data-inview>En FAS, creemos que la tecnolog\u00eda no es solo una herramienta, sino un catalizador de la evoluci\u00f3n. Desde 1967, dise\u00f1amos soluciones inteligentes y sostenibles que transforman cada tienda en un ecosistema conectado y fluido.  \r\nSomos una Empresa de Beneficio porque creemos que innovar significa generar valor econ\u00f3mico, social y ambiental. Para los negocios, las personas y las empresas. <\/p>\n        <\/div>\n    <div class=\"block-content-text-double-imgs__column\">\n          \n\n\n\n\t<span\n    x-ref=\"$el\"\n    :class=\"[\n      'base-image',\n      lazy ? '-is-lazy' : '',\n      loaded ? '-is-loaded' : ''\n    ]\"\n    data-lazy=\"true\"\n    x-intersect.once=\"onintersect\"\n    x-data=\"image\"\n    style=\"--w: 907; --h: 1028;\"\n    >\n\n  \t\t<picture class=\"base-image__picture\" x-ref=\"$picture\">\n\n\t\t\t\t\t\t\t<source media=\"(max-width: 1024px)\" data-srcset=\"https:\/\/www.fas.it\/app\/uploads\/2025\/10\/chi-siamo-img1-fas-min-903x1024.webp\" type=\"image\/webp\">\n\t\t\t\t<source media=\"(max-width: 1024px)\" data-srcset=\"https:\/\/www.fas.it\/app\/uploads\/2025\/10\/chi-siamo-img1-fas-min-903x1024.jpg\" type=\"image\/jpeg\">\n\t\t\t\t\t\t<source data-srcset=\"https:\/\/www.fas.it\/app\/uploads\/2025\/10\/chi-siamo-img1-fas-min.webp\" type=\"image\/webp\">\n\t\t\t<source data-srcset=\"https:\/\/www.fas.it\/app\/uploads\/2025\/10\/chi-siamo-img1-fas-min.jpg\" type=\"image\/jpeg\">\n\n\t\t\t\t\t\t\t<img x-ref=\"$image\" loading=\"lazy\" data-srcset=\"https:\/\/www.fas.it\/app\/uploads\/2025\/10\/chi-siamo-img1-fas-min@1x.jpg 1x, https:\/\/www.fas.it\/app\/uploads\/2025\/10\/chi-siamo-img1-fas-min@2x.jpg 2x, https:\/\/www.fas.it\/app\/uploads\/2025\/10\/chi-siamo-img1-fas-min@3x.jpg 3x, https:\/\/www.fas.it\/app\/uploads\/2025\/10\/chi-siamo-img1-fas-min@4x.jpg 4x\" data-src=\"https:\/\/www.fas.it\/app\/uploads\/2025\/10\/chi-siamo-img1-fas-min.jpg\" alt=\"chi-siamo-img1-fas-min\" width=\"907\" height=\"1028\" @load.once=\"onload\">\n\t\t\t\n\t\t<\/picture>\n\t<\/span>\n        <\/div>\n    <div class=\"block-content-text-double-imgs__column\">\n          \n\n\n\n\t<span\n    x-ref=\"$el\"\n    :class=\"[\n      'base-image',\n      lazy ? '-is-lazy' : '',\n      loaded ? '-is-loaded' : ''\n    ]\"\n    data-lazy=\"true\"\n    x-intersect.once=\"onintersect\"\n    x-data=\"image\"\n    style=\"--w: 907; --h: 1028;\"\n    >\n\n  \t\t<picture class=\"base-image__picture\" x-ref=\"$picture\">\n\n\t\t\t\t\t\t\t<source media=\"(max-width: 1024px)\" data-srcset=\"https:\/\/www.fas.it\/app\/uploads\/2025\/10\/chi-siamo-img2-fas-min-903x1024.webp\" type=\"image\/webp\">\n\t\t\t\t<source media=\"(max-width: 1024px)\" data-srcset=\"https:\/\/www.fas.it\/app\/uploads\/2025\/10\/chi-siamo-img2-fas-min-903x1024.jpg\" type=\"image\/jpeg\">\n\t\t\t\t\t\t<source data-srcset=\"https:\/\/www.fas.it\/app\/uploads\/2025\/10\/chi-siamo-img2-fas-min.webp\" type=\"image\/webp\">\n\t\t\t<source data-srcset=\"https:\/\/www.fas.it\/app\/uploads\/2025\/10\/chi-siamo-img2-fas-min.jpg\" type=\"image\/jpeg\">\n\n\t\t\t\t\t\t\t<img x-ref=\"$image\" loading=\"lazy\" data-srcset=\"https:\/\/www.fas.it\/app\/uploads\/2025\/10\/chi-siamo-img2-fas-min@1x.jpg 1x, https:\/\/www.fas.it\/app\/uploads\/2025\/10\/chi-siamo-img2-fas-min@2x.jpg 2x, https:\/\/www.fas.it\/app\/uploads\/2025\/10\/chi-siamo-img2-fas-min@3x.jpg 3x, https:\/\/www.fas.it\/app\/uploads\/2025\/10\/chi-siamo-img2-fas-min@4x.jpg 4x\" data-src=\"https:\/\/www.fas.it\/app\/uploads\/2025\/10\/chi-siamo-img2-fas-min.jpg\" alt=\"chi-siamo-img2-fas-min\" width=\"907\" height=\"1028\" @load.once=\"onload\">\n\t\t\t\n\t\t<\/picture>\n\t<\/span>\n        <\/div>\n  <\/div>\n<\/section>\n\n\n\n<section class=\"block-spacer -bg-white -space-kilo\">\n\n<\/section>\n\n\n\n\n<section class=\"block-spacer -bg-light-grey -space-kilo\">\n\n<\/section>\n\n\n\n\n<section  class=\"block-content-left -bg-light-grey -content-mode-pretitle_and_title\">\n  <div class=\"block-content-left__row\">\n          <div class=\"block-content-left__column\">\n        <p class=\"block-content-left__pretitle\" data-inview>Datos que cuentan qui\u00e9nes somos.<\/p>\n        <hr>\n      <\/div>\n      <h2 class=\"block-content-left__title \" data-inview data-split>Cifras que reflejan un sistema en evoluci\u00f3n<\/h2>\n      <\/div>\n<\/section>\n\n\n\n\n<section class=\"block-spacer -bg-light-grey -space-kilo\">\n\n<\/section>\n\n\n\n\n<section class=\"block-cards-numbers\">\n      <div class=\"block-cards-numbers__single\">\n      <h3 class=\"block-cards-numbers__number\" data-inview data-split>150<\/h3>\n      <div class=\"block-cards-numbers__title\">\n        <p data-inview>Personas<\/p>\n        <hr>\n      <\/div>\n      <div class=\"block-cards-numbers__text\">\n        <p>Un equipo unido por una visi\u00f3n com\u00fan: innovar el retail autom\u00e1tico haci\u00e9ndolo m\u00e1s eficiente, sostenible, accesible y cercano a las personas.<\/p>\n      <\/div>\n    <\/div>\n      <div class=\"block-cards-numbers__single\">\n      <h3 class=\"block-cards-numbers__number\" data-inview data-split>+15.000<\/h3>\n      <div class=\"block-cards-numbers__title\">\n        <p data-inview>M\u00e1quinas\/a\u00f1o<\/p>\n        <hr>\n      <\/div>\n      <div class=\"block-cards-numbers__text\">\n        <p>Cada a\u00f1o, m\u00e1s de 15.000 m\u00e1quinas expendedoras FAS llevan la tecnolog\u00eda avanzada y la sostenibilidad a puntos de venta de todo el mundo.<\/p>\n      <\/div>\n    <\/div>\n  <\/section>\n\n\n\n\n<section class=\"block-image\">\n  <div class=\"block-image__container\">\n    <template x-if=\"$store.layout.isMobile\">\n      \n\n\n\n\t<span\n    x-ref=\"$el\"\n    :class=\"[\n      'base-image',\n      lazy ? '-is-lazy' : '',\n      loaded ? '-is-loaded' : ''\n    ]\"\n    data-lazy=\"true\"\n    x-intersect.once=\"onintersect\"\n    x-data=\"image\"\n    style=\"--w: 747; --h: 1624;\"\n    >\n\n  \t\t<picture class=\"base-image__picture\" x-ref=\"$picture\">\n\n\t\t\t\t\t\t\t<source media=\"(max-width: 1024px)\" data-srcset=\"https:\/\/www.fas.it\/app\/uploads\/2025\/10\/chi-siamo-img-full-M-min-473x1024.webp\" type=\"image\/webp\">\n\t\t\t\t<source media=\"(max-width: 1024px)\" data-srcset=\"https:\/\/www.fas.it\/app\/uploads\/2025\/10\/chi-siamo-img-full-M-min-473x1024.jpg\" type=\"image\/jpeg\">\n\t\t\t\t\t\t<source data-srcset=\"https:\/\/www.fas.it\/app\/uploads\/2025\/10\/chi-siamo-img-full-M-min-e1762784330378.webp\" type=\"image\/webp\">\n\t\t\t<source data-srcset=\"https:\/\/www.fas.it\/app\/uploads\/2025\/10\/chi-siamo-img-full-M-min-e1762784330378.jpg\" type=\"image\/jpeg\">\n\n\t\t\t\t\t\t\t<img x-ref=\"$image\" loading=\"lazy\" data-srcset=\"https:\/\/www.fas.it\/app\/uploads\/2025\/10\/chi-siamo-img-full-M-min-e1762784330378@1x.jpg 1x, https:\/\/www.fas.it\/app\/uploads\/2025\/10\/chi-siamo-img-full-M-min-e1762784330378@2x.jpg 2x, https:\/\/www.fas.it\/app\/uploads\/2025\/10\/chi-siamo-img-full-M-min-e1762784330378@3x.jpg 3x, https:\/\/www.fas.it\/app\/uploads\/2025\/10\/chi-siamo-img-full-M-min-e1762784330378@4x.jpg 4x\" data-src=\"https:\/\/www.fas.it\/app\/uploads\/2025\/10\/chi-siamo-img-full-M-min-e1762784330378.jpg\" alt=\"chi-siamo-img-full-M-min\" width=\"747\" height=\"1624\" @load.once=\"onload\">\n\t\t\t\n\t\t<\/picture>\n\t<\/span>\n    <\/template>\n    <template x-if=\"!$store.layout.isMobile\">\n      \n\n\n\n\t<span\n    x-ref=\"$el\"\n    :class=\"[\n      'base-image',\n      lazy ? '-is-lazy' : '',\n      loaded ? '-is-loaded' : ''\n    ]\"\n    data-lazy=\"true\"\n    x-intersect.once=\"onintersect\"\n    x-data=\"image\"\n    style=\"--w: 2556; --h: 1600;\"\n    >\n\n  \t\t<picture class=\"base-image__picture\" x-ref=\"$picture\">\n\n\t\t\t\t\t\t\t<source media=\"(max-width: 1024px)\" data-srcset=\"https:\/\/www.fas.it\/app\/uploads\/2025\/10\/chi-siamo-img-full-min-1024x640.webp\" type=\"image\/webp\">\n\t\t\t\t<source media=\"(max-width: 1024px)\" data-srcset=\"https:\/\/www.fas.it\/app\/uploads\/2025\/10\/chi-siamo-img-full-min-1024x640.jpg\" type=\"image\/jpeg\">\n\t\t\t\t\t\t<source data-srcset=\"https:\/\/www.fas.it\/app\/uploads\/2025\/10\/chi-siamo-img-full-min-scaled-e1762784346872.webp\" type=\"image\/webp\">\n\t\t\t<source data-srcset=\"https:\/\/www.fas.it\/app\/uploads\/2025\/10\/chi-siamo-img-full-min-scaled-e1762784346872.jpg\" type=\"image\/jpeg\">\n\n\t\t\t\t\t\t\t<img x-ref=\"$image\" loading=\"lazy\" data-srcset=\"https:\/\/www.fas.it\/app\/uploads\/2025\/10\/chi-siamo-img-full-min-scaled-e1762784346872@1x.jpg 1x, https:\/\/www.fas.it\/app\/uploads\/2025\/10\/chi-siamo-img-full-min-scaled-e1762784346872@2x.jpg 2x, https:\/\/www.fas.it\/app\/uploads\/2025\/10\/chi-siamo-img-full-min-scaled-e1762784346872@3x.jpg 3x, https:\/\/www.fas.it\/app\/uploads\/2025\/10\/chi-siamo-img-full-min-scaled-e1762784346872@4x.jpg 4x\" data-src=\"https:\/\/www.fas.it\/app\/uploads\/2025\/10\/chi-siamo-img-full-min-scaled-e1762784346872.jpg\" alt=\"chi-siamo-img-full-min\" width=\"2556\" height=\"1600\" @load.once=\"onload\">\n\t\t\t\n\t\t<\/picture>\n\t<\/span>\n    <\/template>\n  <\/div>\n<\/section>\n\n\n\n\n<section class=\"block-spacer -bg-white -space-xxl\">\n\n<\/section>\n\n\n\n\n<section  class=\"block-content-center -bg-white\">\n  <div class=\"block-content-center__row\">\n    <h6 class=\"block-content-center__pretitle\" data-inview>Nuestra historia<\/h6>\n    <h2 class=\"block-content-center__title -big-title\" data-inview data-split>Durante m\u00e1s de 50 a\u00f1os, donde la innovaci\u00f3n no se detiene<\/h2>\n      <\/div>\n<\/section>\n\n\n\n\n<section class=\"block-spacer -bg-white -space-xxl\">\n\n<\/section>\n\n\n\n\n<section class=\"block-slider-storytime big-title\" x-data=\"sliderStorytime\">\n\n      <div class=\"block-slider-storytime__slide\">\n      <div class=\"block-slider-storytime__slide-image\">\n        \n\n\n\n\t<span\n    x-ref=\"$el\"\n    :class=\"[\n      'base-image',\n      lazy ? '-is-lazy' : '',\n      loaded ? '-is-loaded' : ''\n    ]\"\n    data-lazy=\"true\"\n    x-intersect.once=\"onintersect\"\n    x-data=\"image\"\n    style=\"--w: 950; --h: 1080;\"\n    >\n\n  \t\t<picture class=\"base-image__picture\" x-ref=\"$picture\">\n\n\t\t\t\t\t\t\t<source media=\"(max-width: 1024px)\" data-srcset=\"https:\/\/www.fas.it\/app\/uploads\/2025\/10\/Foundation-950x1080-1-901x1024.webp\" type=\"image\/webp\">\n\t\t\t\t<source media=\"(max-width: 1024px)\" data-srcset=\"https:\/\/www.fas.it\/app\/uploads\/2025\/10\/Foundation-950x1080-1-901x1024.jpg\" type=\"image\/jpeg\">\n\t\t\t\t\t\t<source data-srcset=\"https:\/\/www.fas.it\/app\/uploads\/2025\/10\/Foundation-950x1080-1.webp\" type=\"image\/webp\">\n\t\t\t<source data-srcset=\"https:\/\/www.fas.it\/app\/uploads\/2025\/10\/Foundation-950x1080-1.jpg\" type=\"image\/jpeg\">\n\n\t\t\t\t\t\t\t<img x-ref=\"$image\" loading=\"lazy\" data-srcset=\"https:\/\/www.fas.it\/app\/uploads\/2025\/10\/Foundation-950x1080-1@1x.jpg 1x, https:\/\/www.fas.it\/app\/uploads\/2025\/10\/Foundation-950x1080-1@2x.jpg 2x, https:\/\/www.fas.it\/app\/uploads\/2025\/10\/Foundation-950x1080-1@3x.jpg 3x, https:\/\/www.fas.it\/app\/uploads\/2025\/10\/Foundation-950x1080-1@4x.jpg 4x\" data-src=\"https:\/\/www.fas.it\/app\/uploads\/2025\/10\/Foundation-950x1080-1.jpg\" alt=\"Foundation-950&#215;1080\" width=\"950\" height=\"1080\" @load.once=\"onload\">\n\t\t\t\n\t\t<\/picture>\n\t<\/span>\n      <\/div>\n      <div class=\"block-slider-storytime__slide-content\">\n        <div>\n          <h6 class=\"block-slider-storytime__slide-pretitle\" data-inview>1960<\/h6>\n        <\/div>\n        <div>\n          <h2 class=\"block-slider-storytime__slide-title\" data-inview data-split>Fondazione<\/h2>\n          <p class=\"block-slider-storytime__slide-text\" data-inview>A mediados de los a\u00f1os 60, los hermanos Antonio y Santino persiguieron el sue\u00f1o de construir el primer prototipo de m\u00e1quina expendedora. En los a\u00f1os siguientes, la idea se traslad\u00f3 a la producci\u00f3n del primer modelo de discos giratorios, creado totalmente a mano con una patente revolucionaria que inclu\u00eda varios discos accionados por un \u00fanico motor y una serie de embragues mec\u00e1nicos. Una intuici\u00f3n que, en 1967, sent\u00f3 las bases para el nacimiento de una gran empresa de m\u00e1quinas expendedoras, en la parte trasera del jard\u00edn de su casa: Fas &#8211; Fratelli Adriani Schio.  <\/p>\n        <\/div>\n      <\/div>\n    <\/div>\n      <div class=\"block-slider-storytime__slide\">\n      <div class=\"block-slider-storytime__slide-image\">\n        \n\n\n\n\t<span\n    x-ref=\"$el\"\n    :class=\"[\n      'base-image',\n      lazy ? '-is-lazy' : '',\n      loaded ? '-is-loaded' : ''\n    ]\"\n    data-lazy=\"true\"\n    x-intersect.once=\"onintersect\"\n    x-data=\"image\"\n    style=\"--w: 950; --h: 723;\"\n    >\n\n  \t\t<picture class=\"base-image__picture\" x-ref=\"$picture\">\n\n\t\t\t\t\t\t\t<source media=\"(max-width: 1024px)\" data-srcset=\"https:\/\/www.fas.it\/app\/uploads\/2025\/10\/310-1024x780.webp\" type=\"image\/webp\">\n\t\t\t\t<source media=\"(max-width: 1024px)\" data-srcset=\"https:\/\/www.fas.it\/app\/uploads\/2025\/10\/310-1024x780.jpg\" type=\"image\/jpeg\">\n\t\t\t\t\t\t<source data-srcset=\"https:\/\/www.fas.it\/app\/uploads\/2025\/10\/310-e1761214436151.webp\" type=\"image\/webp\">\n\t\t\t<source data-srcset=\"https:\/\/www.fas.it\/app\/uploads\/2025\/10\/310-e1761214436151.jpg\" type=\"image\/jpeg\">\n\n\t\t\t\t\t\t\t<img x-ref=\"$image\" loading=\"lazy\" data-srcset=\"https:\/\/www.fas.it\/app\/uploads\/2025\/10\/310-e1761214436151@1x.jpg 1x, https:\/\/www.fas.it\/app\/uploads\/2025\/10\/310-e1761214436151@2x.jpg 2x, https:\/\/www.fas.it\/app\/uploads\/2025\/10\/310-e1761214436151@3x.jpg 3x, https:\/\/www.fas.it\/app\/uploads\/2025\/10\/310-e1761214436151@4x.jpg 4x\" data-src=\"https:\/\/www.fas.it\/app\/uploads\/2025\/10\/310-e1761214436151.jpg\" alt=\"310\" width=\"950\" height=\"723\" @load.once=\"onload\">\n\t\t\t\n\t\t<\/picture>\n\t<\/span>\n      <\/div>\n      <div class=\"block-slider-storytime__slide-content\">\n        <div>\n          <h6 class=\"block-slider-storytime__slide-pretitle\" data-inview>1980<\/h6>\n        <\/div>\n        <div>\n          <h2 class=\"block-slider-storytime__slide-title\" data-inview data-split>Consolidaci\u00f3n<\/h2>\n          <p class=\"block-slider-storytime__slide-text\" data-inview>En los a\u00f1os 80, FAS creci\u00f3 r\u00e1pidamente y se consolid\u00f3 como l\u00edder de mercado de las m\u00e1quinas expendedoras refrigeradas de snacks y alimentos. La fiabilidad de las m\u00e1quinas y la atenci\u00f3n prestada a la calidad de fabricaci\u00f3n se convirtieron en las se\u00f1as de identidad que consolidaron la reputaci\u00f3n de la empresa en toda Italia. <\/p>\n        <\/div>\n      <\/div>\n    <\/div>\n      <div class=\"block-slider-storytime__slide\">\n      <div class=\"block-slider-storytime__slide-image\">\n        \n\n\n\n\t<span\n    x-ref=\"$el\"\n    :class=\"[\n      'base-image',\n      lazy ? '-is-lazy' : '',\n      loaded ? '-is-loaded' : ''\n    ]\"\n    data-lazy=\"true\"\n    x-intersect.once=\"onintersect\"\n    x-data=\"image\"\n    style=\"--w: 950; --h: 1080;\"\n    >\n\n  \t\t<picture class=\"base-image__picture\" x-ref=\"$picture\">\n\n\t\t\t\t\t\t\t<source media=\"(max-width: 1024px)\" data-srcset=\"https:\/\/www.fas.it\/app\/uploads\/2025\/11\/SPIRALI-90-901x1024.webp\" type=\"image\/webp\">\n\t\t\t\t<source media=\"(max-width: 1024px)\" data-srcset=\"https:\/\/www.fas.it\/app\/uploads\/2025\/11\/SPIRALI-90-901x1024.jpg\" type=\"image\/jpeg\">\n\t\t\t\t\t\t<source data-srcset=\"https:\/\/www.fas.it\/app\/uploads\/2025\/11\/SPIRALI-90.webp\" type=\"image\/webp\">\n\t\t\t<source data-srcset=\"https:\/\/www.fas.it\/app\/uploads\/2025\/11\/SPIRALI-90.jpg\" type=\"image\/jpeg\">\n\n\t\t\t\t\t\t\t<img x-ref=\"$image\" loading=\"lazy\" data-srcset=\"https:\/\/www.fas.it\/app\/uploads\/2025\/11\/SPIRALI-90@1x.jpg 1x, https:\/\/www.fas.it\/app\/uploads\/2025\/11\/SPIRALI-90@2x.jpg 2x, https:\/\/www.fas.it\/app\/uploads\/2025\/11\/SPIRALI-90@3x.jpg 3x, https:\/\/www.fas.it\/app\/uploads\/2025\/11\/SPIRALI-90@4x.jpg 4x\" data-src=\"https:\/\/www.fas.it\/app\/uploads\/2025\/11\/SPIRALI-90.jpg\" alt=\"SPIRALI 90\" width=\"950\" height=\"1080\" @load.once=\"onload\">\n\t\t\t\n\t\t<\/picture>\n\t<\/span>\n      <\/div>\n      <div class=\"block-slider-storytime__slide-content\">\n        <div>\n          <h6 class=\"block-slider-storytime__slide-pretitle\" data-inview>1990<\/h6>\n        <\/div>\n        <div>\n          <h2 class=\"block-slider-storytime__slide-title\" data-inview data-split>La revoluci\u00f3n de la espiral<\/h2>\n          <p class=\"block-slider-storytime__slide-text\" data-inview>A principios de los a\u00f1os 90, FAS introdujo las m\u00e1quinas de espiral, una aut\u00e9ntica innovaci\u00f3n que le dio gran visibilidad y protagonismo. Esto marc\u00f3 un cambio en la experiencia del usuario, aportando m\u00e1s transparencia y modernidad al vending. <\/p>\n        <\/div>\n      <\/div>\n    <\/div>\n      <div class=\"block-slider-storytime__slide\">\n      <div class=\"block-slider-storytime__slide-image\">\n        \n\n\n\n\t<span\n    x-ref=\"$el\"\n    :class=\"[\n      'base-image',\n      lazy ? '-is-lazy' : '',\n      loaded ? '-is-loaded' : ''\n    ]\"\n    data-lazy=\"true\"\n    x-intersect.once=\"onintersect\"\n    x-data=\"image\"\n    style=\"--w: 2340; --h: 2560;\"\n    >\n\n  \t\t<picture class=\"base-image__picture\" x-ref=\"$picture\">\n\n\t\t\t\t\t\t\t<source media=\"(max-width: 1024px)\" data-srcset=\"https:\/\/www.fas.it\/app\/uploads\/2025\/11\/FashionFast-936x1024.webp\" type=\"image\/webp\">\n\t\t\t\t<source media=\"(max-width: 1024px)\" data-srcset=\"https:\/\/www.fas.it\/app\/uploads\/2025\/11\/FashionFast-936x1024.jpg\" type=\"image\/jpeg\">\n\t\t\t\t\t\t<source data-srcset=\"https:\/\/www.fas.it\/app\/uploads\/2025\/11\/FashionFast-scaled.webp\" type=\"image\/webp\">\n\t\t\t<source data-srcset=\"https:\/\/www.fas.it\/app\/uploads\/2025\/11\/FashionFast-scaled.jpg\" type=\"image\/jpeg\">\n\n\t\t\t\t\t\t\t<img x-ref=\"$image\" loading=\"lazy\" data-srcset=\"https:\/\/www.fas.it\/app\/uploads\/2025\/11\/FashionFast-scaled@1x.jpg 1x, https:\/\/www.fas.it\/app\/uploads\/2025\/11\/FashionFast-scaled@2x.jpg 2x, https:\/\/www.fas.it\/app\/uploads\/2025\/11\/FashionFast-scaled@3x.jpg 3x, https:\/\/www.fas.it\/app\/uploads\/2025\/11\/FashionFast-scaled@4x.jpg 4x\" data-src=\"https:\/\/www.fas.it\/app\/uploads\/2025\/11\/FashionFast-scaled.jpg\" alt=\"Fashion+Fast\" width=\"2340\" height=\"2560\" @load.once=\"onload\">\n\t\t\t\n\t\t<\/picture>\n\t<\/span>\n      <\/div>\n      <div class=\"block-slider-storytime__slide-content\">\n        <div>\n          <h6 class=\"block-slider-storytime__slide-pretitle\" data-inview>2000<\/h6>\n        <\/div>\n        <div>\n          <h2 class=\"block-slider-storytime__slide-title\" data-inview data-split>La gama se ampl\u00eda<\/h2>\n          <p class=\"block-slider-storytime__slide-text\" data-inview>En 2000, FAS ampli\u00f3 su oferta introduciendo m\u00e1quinas expendedoras de caf\u00e9 y bebidas calientes. La integraci\u00f3n de nuevas tecnolog\u00edas permiti\u00f3 responder a las necesidades de un mercado en evoluci\u00f3n, reforzando la posici\u00f3n de la empresa como un socio integral en el sector. <\/p>\n        <\/div>\n      <\/div>\n    <\/div>\n      <div class=\"block-slider-storytime__slide\">\n      <div class=\"block-slider-storytime__slide-image\">\n        \n\n\n\n\t<span\n    x-ref=\"$el\"\n    :class=\"[\n      'base-image',\n      lazy ? '-is-lazy' : '',\n      loaded ? '-is-loaded' : ''\n    ]\"\n    data-lazy=\"true\"\n    x-intersect.once=\"onintersect\"\n    x-data=\"image\"\n    style=\"--w: 950; --h: 1552;\"\n    >\n\n  \t\t<picture class=\"base-image__picture\" x-ref=\"$picture\">\n\n\t\t\t\t\t\t\t<source media=\"(max-width: 1024px)\" data-srcset=\"https:\/\/www.fas.it\/app\/uploads\/2025\/10\/TMT_touch_-627x1024.webp\" type=\"image\/webp\">\n\t\t\t\t<source media=\"(max-width: 1024px)\" data-srcset=\"https:\/\/www.fas.it\/app\/uploads\/2025\/10\/TMT_touch_-627x1024.jpg\" type=\"image\/jpeg\">\n\t\t\t\t\t\t<source data-srcset=\"https:\/\/www.fas.it\/app\/uploads\/2025\/10\/TMT_touch_-scaled-e1761214360731.webp\" type=\"image\/webp\">\n\t\t\t<source data-srcset=\"https:\/\/www.fas.it\/app\/uploads\/2025\/10\/TMT_touch_-scaled-e1761214360731.jpg\" type=\"image\/jpeg\">\n\n\t\t\t\t\t\t\t<img x-ref=\"$image\" loading=\"lazy\" data-srcset=\"https:\/\/www.fas.it\/app\/uploads\/2025\/10\/TMT_touch_-scaled-e1761214360731@1x.jpg 1x, https:\/\/www.fas.it\/app\/uploads\/2025\/10\/TMT_touch_-scaled-e1761214360731@2x.jpg 2x, https:\/\/www.fas.it\/app\/uploads\/2025\/10\/TMT_touch_-scaled-e1761214360731@3x.jpg 3x, https:\/\/www.fas.it\/app\/uploads\/2025\/10\/TMT_touch_-scaled-e1761214360731@4x.jpg 4x\" data-src=\"https:\/\/www.fas.it\/app\/uploads\/2025\/10\/TMT_touch_-scaled-e1761214360731.jpg\" alt=\"TMT_touch_\" width=\"950\" height=\"1552\" @load.once=\"onload\">\n\t\t\t\n\t\t<\/picture>\n\t<\/span>\n      <\/div>\n      <div class=\"block-slider-storytime__slide-content\">\n        <div>\n          <h6 class=\"block-slider-storytime__slide-pretitle\" data-inview>2013<\/h6>\n        <\/div>\n        <div>\n          <h2 class=\"block-slider-storytime__slide-title\" data-inview data-split>Digitalizaci\u00f3n<\/h2>\n          <p class=\"block-slider-storytime__slide-text\" data-inview>FAS inaugura una nueva era del vending, integrando tablet y conectividad en sus m\u00e1quinas expendedoras. Un paso pionero que allana el camino a nuevas formas de gesti\u00f3n en remoto e interacci\u00f3n con el usuario final. <\/p>\n        <\/div>\n      <\/div>\n    <\/div>\n      <div class=\"block-slider-storytime__slide\">\n      <div class=\"block-slider-storytime__slide-image\">\n        \n\n\n\n\t<span\n    x-ref=\"$el\"\n    :class=\"[\n      'base-image',\n      lazy ? '-is-lazy' : '',\n      loaded ? '-is-loaded' : ''\n    ]\"\n    data-lazy=\"true\"\n    x-intersect.once=\"onintersect\"\n    x-data=\"image\"\n    style=\"--w: 907; --h: 993;\"\n    >\n\n  \t\t<picture class=\"base-image__picture\" x-ref=\"$picture\">\n\n\t\t\t\t\t\t\t<source media=\"(max-width: 1024px)\" data-srcset=\"https:\/\/www.fas.it\/app\/uploads\/2025\/07\/fas-ristorazione-automatica.webp\" type=\"image\/webp\">\n\t\t\t\t<source media=\"(max-width: 1024px)\" data-srcset=\"https:\/\/www.fas.it\/app\/uploads\/2025\/07\/fas-ristorazione-automatica.jpg\" type=\"image\/jpeg\">\n\t\t\t\t\t\t<source data-srcset=\"https:\/\/www.fas.it\/app\/uploads\/2025\/07\/fas-ristorazione-automatica.webp\" type=\"image\/webp\">\n\t\t\t<source data-srcset=\"https:\/\/www.fas.it\/app\/uploads\/2025\/07\/fas-ristorazione-automatica.jpg\" type=\"image\/jpeg\">\n\n\t\t\t\t\t\t\t<img x-ref=\"$image\" loading=\"lazy\" data-srcset=\"https:\/\/www.fas.it\/app\/uploads\/2025\/07\/fas-ristorazione-automatica@1x.jpg 1x, https:\/\/www.fas.it\/app\/uploads\/2025\/07\/fas-ristorazione-automatica@2x.jpg 2x, https:\/\/www.fas.it\/app\/uploads\/2025\/07\/fas-ristorazione-automatica@3x.jpg 3x, https:\/\/www.fas.it\/app\/uploads\/2025\/07\/fas-ristorazione-automatica@4x.jpg 4x\" data-src=\"https:\/\/www.fas.it\/app\/uploads\/2025\/07\/fas-ristorazione-automatica.jpg\" alt=\"fas-ristorazione-automatica\" width=\"907\" height=\"993\" @load.once=\"onload\">\n\t\t\t\n\t\t<\/picture>\n\t<\/span>\n      <\/div>\n      <div class=\"block-slider-storytime__slide-content\">\n        <div>\n          <h6 class=\"block-slider-storytime__slide-pretitle\" data-inview>2022<\/h6>\n        <\/div>\n        <div>\n          <h2 class=\"block-slider-storytime__slide-title\" data-inview data-split>De digital a Retail Tech<\/h2>\n          <p class=\"block-slider-storytime__slide-text\" data-inview>A medida que evoluciona el mercado, FAS transforma su oferta integrando soluciones hardware y software para el vending inteligente, la restauraci\u00f3n colectiva y el retail autom\u00e1tico. Crea un ecosistema completo que combina tecnolog\u00eda, sostenibilidad y experiencia de usuario. <\/p>\n        <\/div>\n      <\/div>\n    <\/div>\n  \n<\/section>\n\n\n\n<section class=\"block-spacer -bg-white -space-xxl\">\n\n<\/section>\n\n\n\n\n<section class=\"block-launch-boxed\">\n  <div class=\"block-launch-boxed__banner\">\n    <div class=\"block-launch-boxed__column\">\n      <h3 class=\"block-launch-boxed__title\" data-inview data-split>No conocemos el futuro, pero podemos imaginarlo<\/h3>\n      <p class=\"block-launch-boxed__text\" data-inview>Hemos nacido para innovar la experiencia de compra. Hoy damos forma al retail-tech: conectividad, sostenibilidad y soluciones digitales que generan valor. Aqu\u00ed es donde queremos llegar (y c\u00f3mo estamos llegando).  <\/p>\n    <\/div>\n    <div class=\"block-launch-boxed__column\">\n      \n\n\n\n\t<span\n    x-ref=\"$el\"\n    :class=\"[\n      'base-image',\n      lazy ? '-is-lazy' : '',\n      loaded ? '-is-loaded' : ''\n    ]\"\n    data-lazy=\"true\"\n    x-intersect.once=\"onintersect\"\n    x-data=\"image\"\n    style=\"--w: 657; --h: 656;\"\n    >\n\n  \t\t<picture class=\"base-image__picture\" x-ref=\"$picture\">\n\n\t\t\t\t\t\t\t<source media=\"(max-width: 1024px)\" data-srcset=\"https:\/\/www.fas.it\/app\/uploads\/2025\/11\/fas-lancio-visione.webp\" type=\"image\/webp\">\n\t\t\t\t<source media=\"(max-width: 1024px)\" data-srcset=\"https:\/\/www.fas.it\/app\/uploads\/2025\/11\/fas-lancio-visione.jpg\" type=\"image\/jpeg\">\n\t\t\t\t\t\t<source data-srcset=\"https:\/\/www.fas.it\/app\/uploads\/2025\/11\/fas-lancio-visione.webp\" type=\"image\/webp\">\n\t\t\t<source data-srcset=\"https:\/\/www.fas.it\/app\/uploads\/2025\/11\/fas-lancio-visione.jpg\" type=\"image\/jpeg\">\n\n\t\t\t\t\t\t\t<img x-ref=\"$image\" loading=\"lazy\" data-srcset=\"https:\/\/www.fas.it\/app\/uploads\/2025\/11\/fas-lancio-visione@1x.png 1x, https:\/\/www.fas.it\/app\/uploads\/2025\/11\/fas-lancio-visione@2x.png 2x, https:\/\/www.fas.it\/app\/uploads\/2025\/11\/fas-lancio-visione@3x.png 3x, https:\/\/www.fas.it\/app\/uploads\/2025\/11\/fas-lancio-visione@4x.png 4x\" data-src=\"https:\/\/www.fas.it\/app\/uploads\/2025\/11\/fas-lancio-visione.jpg\" alt=\"fas-lancio-visione\" width=\"657\" height=\"656\" @load.once=\"onload\">\n\t\t\t\n\t\t<\/picture>\n\t<\/span>\n              \n\n\n<div class=\"\n    base-button\n    \n    -icon\n    -primary\n    \n  \">\n\t\t\t<a href=\"\/es\/nuestra-vision\/\" aria-label=\"Nuestra visi\u00f3n\" target=\"_self\" class=\"base-button__wrapper\" >\n                <span class=\"base-button__label\">\n          Nuestra visi\u00f3n\n        <\/span>\n                  <span class=\"base-button__icon\">\n              \n  <span class=\"base-icon\"><svg width=\"24\" height=\"24\" viewBox=\"0 0 24 24\" fill=\"none\" xmlns=\"http:\/\/www.w3.org\/2000\/svg\">\n<path d=\"M4.63379 12H19.6338M19.6338 12L13.6338 6M19.6338 12L13.6338 18\" stroke=\"currentColor\" stroke-linecap=\"round\" stroke-linejoin=\"round\"\/>\n<\/svg>\n<\/span>\n          <\/span>\n        \t\t<\/a>\n  <\/div>\n          <\/div>\n  <\/div>\n<\/section>\n\n\n\n\n<section class=\"block-spacer -bg-white -space-xxl\">\n\n<\/section>\n\n\n\n\n<section class=\"block-launch-double\">\n      <div class=\"block-launch-double__single\">\n      \n\n\n\n\t<span\n    x-ref=\"$el\"\n    :class=\"[\n      'base-image',\n      lazy ? '-is-lazy' : '',\n      loaded ? '-is-loaded' : ''\n    ]\"\n    data-lazy=\"true\"\n    x-intersect.once=\"onintersect\"\n    x-data=\"image\"\n    style=\"--w: 1442; --h: 1693;\"\n    >\n\n  \t\t<picture class=\"base-image__picture\" x-ref=\"$picture\">\n\n\t\t\t\t\t\t\t<source media=\"(max-width: 1024px)\" data-srcset=\"https:\/\/www.fas.it\/app\/uploads\/2025\/10\/lancio-governance-fas-min-872x1024.webp\" type=\"image\/webp\">\n\t\t\t\t<source media=\"(max-width: 1024px)\" data-srcset=\"https:\/\/www.fas.it\/app\/uploads\/2025\/10\/lancio-governance-fas-min-872x1024.jpg\" type=\"image\/jpeg\">\n\t\t\t\t\t\t<source data-srcset=\"https:\/\/www.fas.it\/app\/uploads\/2025\/10\/lancio-governance-fas-min.webp\" type=\"image\/webp\">\n\t\t\t<source data-srcset=\"https:\/\/www.fas.it\/app\/uploads\/2025\/10\/lancio-governance-fas-min.jpg\" type=\"image\/jpeg\">\n\n\t\t\t\t\t\t\t<img x-ref=\"$image\" loading=\"lazy\" data-srcset=\"https:\/\/www.fas.it\/app\/uploads\/2025\/10\/lancio-governance-fas-min@1x.jpg 1x, https:\/\/www.fas.it\/app\/uploads\/2025\/10\/lancio-governance-fas-min@2x.jpg 2x, https:\/\/www.fas.it\/app\/uploads\/2025\/10\/lancio-governance-fas-min@3x.jpg 3x, https:\/\/www.fas.it\/app\/uploads\/2025\/10\/lancio-governance-fas-min@4x.jpg 4x\" data-src=\"https:\/\/www.fas.it\/app\/uploads\/2025\/10\/lancio-governance-fas-min.jpg\" alt=\"lancio-governance-fas-min\" width=\"1442\" height=\"1693\" @load.once=\"onload\">\n\t\t\t\n\t\t<\/picture>\n\t<\/span>\n      <div class=\"block-launch-double__row\">\n        <div class=\"block-launch-double__column\">\n          <h6 class=\"block-launch-double__title\" data-inview>Dicho y hecho.<\/h6>\n        <\/div>\n        <div class=\"block-launch-double__column\">\n          <p class=\"block-launch-double__text\" data-inview>Descubre c\u00f3mo traducimos nuestros valores en decisiones concretas, cada d\u00eda. <\/p>\n                      \n\n\n<div class=\"\n    base-button\n    \n    -icon\n    -primary\n    \n  \">\n\t\t\t<a href=\"\/es\/governance\/\" aria-label=\"Nuestra gobernanza\" target=\"_self\" class=\"base-button__wrapper\" >\n                <span class=\"base-button__label\">\n          Nuestra gobernanza\n        <\/span>\n                  <span class=\"base-button__icon\">\n              \n  <span class=\"base-icon\"><svg width=\"24\" height=\"24\" viewBox=\"0 0 24 24\" fill=\"none\" xmlns=\"http:\/\/www.w3.org\/2000\/svg\">\n<path d=\"M4.63379 12H19.6338M19.6338 12L13.6338 6M19.6338 12L13.6338 18\" stroke=\"currentColor\" stroke-linecap=\"round\" stroke-linejoin=\"round\"\/>\n<\/svg>\n<\/span>\n          <\/span>\n        \t\t<\/a>\n  <\/div>\n                  <\/div>\n      <\/div>\n    <\/div>\n      <div class=\"block-launch-double__single\">\n      \n\n\n\n\t<span\n    x-ref=\"$el\"\n    :class=\"[\n      'base-image',\n      lazy ? '-is-lazy' : '',\n      loaded ? '-is-loaded' : ''\n    ]\"\n    data-lazy=\"true\"\n    x-intersect.once=\"onintersect\"\n    x-data=\"image\"\n    style=\"--w: 950; --h: 1080;\"\n    >\n\n  \t\t<picture class=\"base-image__picture\" x-ref=\"$picture\">\n\n\t\t\t\t\t\t\t<source media=\"(max-width: 1024px)\" data-srcset=\"https:\/\/www.fas.it\/app\/uploads\/2025\/10\/Foto-uomo-SLIDE-1-950x1080-1-901x1024.webp\" type=\"image\/webp\">\n\t\t\t\t<source media=\"(max-width: 1024px)\" data-srcset=\"https:\/\/www.fas.it\/app\/uploads\/2025\/10\/Foto-uomo-SLIDE-1-950x1080-1-901x1024.jpg\" type=\"image\/jpeg\">\n\t\t\t\t\t\t<source data-srcset=\"https:\/\/www.fas.it\/app\/uploads\/2025\/10\/Foto-uomo-SLIDE-1-950x1080-1.webp\" type=\"image\/webp\">\n\t\t\t<source data-srcset=\"https:\/\/www.fas.it\/app\/uploads\/2025\/10\/Foto-uomo-SLIDE-1-950x1080-1.jpg\" type=\"image\/jpeg\">\n\n\t\t\t\t\t\t\t<img x-ref=\"$image\" loading=\"lazy\" data-srcset=\"https:\/\/www.fas.it\/app\/uploads\/2025\/10\/Foto-uomo-SLIDE-1-950x1080-1@1x.jpg 1x, https:\/\/www.fas.it\/app\/uploads\/2025\/10\/Foto-uomo-SLIDE-1-950x1080-1@2x.jpg 2x, https:\/\/www.fas.it\/app\/uploads\/2025\/10\/Foto-uomo-SLIDE-1-950x1080-1@3x.jpg 3x, https:\/\/www.fas.it\/app\/uploads\/2025\/10\/Foto-uomo-SLIDE-1-950x1080-1@4x.jpg 4x\" data-src=\"https:\/\/www.fas.it\/app\/uploads\/2025\/10\/Foto-uomo-SLIDE-1-950x1080-1.jpg\" alt=\"Foto uomo SLIDE 1-950&#215;1080\" width=\"950\" height=\"1080\" @load.once=\"onload\">\n\t\t\t\n\t\t<\/picture>\n\t<\/span>\n      <div class=\"block-launch-double__row\">\n        <div class=\"block-launch-double__column\">\n          <h6 class=\"block-launch-double__title\" data-inview>El futuro del vending est\u00e1 aqu\u00ed<\/h6>\n        <\/div>\n        <div class=\"block-launch-double__column\">\n          <p class=\"block-launch-double__text\" data-inview>Forma parte de la innovaci\u00f3n. En FAS, cada persona contribuye a construir el futuro del retail tech aplicado al comercio minorista <\/p>\n                      \n\n\n<div class=\"\n    base-button\n    \n    -icon\n    -primary\n    \n  \">\n\t\t\t<a href=\"\/es\/trabaja-con-nosotros\/\" aria-label=\"\u00danete al equipo\" target=\"_self\" class=\"base-button__wrapper\" >\n                <span class=\"base-button__label\">\n          \u00danete al equipo\n        <\/span>\n                  <span class=\"base-button__icon\">\n              \n  <span class=\"base-icon\"><svg width=\"24\" height=\"24\" viewBox=\"0 0 24 24\" fill=\"none\" xmlns=\"http:\/\/www.w3.org\/2000\/svg\">\n<path d=\"M4.63379 12H19.6338M19.6338 12L13.6338 6M19.6338 12L13.6338 18\" stroke=\"currentColor\" stroke-linecap=\"round\" stroke-linejoin=\"round\"\/>\n<\/svg>\n<\/span>\n          <\/span>\n        \t\t<\/a>\n  <\/div>\n                  <\/div>\n      <\/div>\n    <\/div>\n  <\/section>\n\n","protected":false},"excerpt":{"rendered":"","protected":false},"author":1,"featured_media":0,"parent":0,"menu_order":0,"comment_status":"closed","ping_status":"closed","template":"","meta":{"_acf_changed":false,"footnotes":""},"class_list":["post-3345","page","type-page","status-publish","hentry"],"acf":[],"yoast_head":"<!-- This site is optimized with the Yoast SEO plugin v23.9 - https:\/\/yoast.com\/wordpress\/plugins\/seo\/ -->\n<title>Qui\u00e9nes Somos | Historia de FAS International<\/title>\n<meta name=\"description\" content=\"Pasi\u00f3n por el vending desde 1967. Conozca nuestra trayectoria, f\u00e1brica y el equipo detr\u00e1s de la tecnolog\u00eda.\" \/>\n<meta name=\"robots\" content=\"index, follow, max-snippet:-1, max-image-preview:large, max-video-preview:-1\" \/>\n<link rel=\"canonical\" href=\"https:\/\/www.fas.it\/es\/quienes-somos\/\" \/>\n<meta property=\"og:locale\" content=\"es_ES\" \/>\n<meta property=\"og:type\" content=\"article\" \/>\n<meta property=\"og:title\" content=\"Qui\u00e9nes Somos | Historia de FAS International\" \/>\n<meta property=\"og:description\" content=\"Pasi\u00f3n por el vending desde 1967. Conozca nuestra trayectoria, f\u00e1brica y el equipo detr\u00e1s de la tecnolog\u00eda.\" \/>\n<meta property=\"og:url\" content=\"https:\/\/www.fas.it\/es\/quienes-somos\/\" \/>\n<meta property=\"og:site_name\" content=\"Fas international\" \/>\n<meta property=\"article:modified_time\" content=\"2025-12-11T17:35:46+00:00\" \/>\n<meta name=\"twitter:card\" content=\"summary_large_image\" \/>\n<!-- \/ Yoast SEO plugin. -->","yoast_head_json":{"title":"Qui\u00e9nes Somos | Historia de FAS International","description":"Pasi\u00f3n por el vending desde 1967. Conozca nuestra trayectoria, f\u00e1brica y el equipo detr\u00e1s de la tecnolog\u00eda.","robots":{"index":"index","follow":"follow","max-snippet":"max-snippet:-1","max-image-preview":"max-image-preview:large","max-video-preview":"max-video-preview:-1"},"canonical":"https:\/\/www.fas.it\/es\/quienes-somos\/","og_locale":"es_ES","og_type":"article","og_title":"Qui\u00e9nes Somos | Historia de FAS International","og_description":"Pasi\u00f3n por el vending desde 1967. Conozca nuestra trayectoria, f\u00e1brica y el equipo detr\u00e1s de la tecnolog\u00eda.","og_url":"https:\/\/www.fas.it\/es\/quienes-somos\/","og_site_name":"Fas international","article_modified_time":"2025-12-11T17:35:46+00:00","twitter_card":"summary_large_image","schema":{"@context":"https:\/\/schema.org","@graph":[{"@type":"WebPage","@id":"https:\/\/www.fas.it\/es\/quienes-somos\/","url":"https:\/\/www.fas.it\/es\/quienes-somos\/","name":"Qui\u00e9nes Somos | Historia de FAS International","isPartOf":{"@id":"https:\/\/www.fas.it\/es\/#website"},"datePublished":"2025-07-18T09:48:14+00:00","dateModified":"2025-12-11T17:35:46+00:00","description":"Pasi\u00f3n por el vending desde 1967. Conozca nuestra trayectoria, f\u00e1brica y el equipo detr\u00e1s de la tecnolog\u00eda.","breadcrumb":{"@id":"https:\/\/www.fas.it\/es\/quienes-somos\/#breadcrumb"},"inLanguage":"es-ES","potentialAction":[{"@type":"ReadAction","target":["https:\/\/www.fas.it\/es\/quienes-somos\/"]}]},{"@type":"BreadcrumbList","@id":"https:\/\/www.fas.it\/es\/quienes-somos\/#breadcrumb","itemListElement":[{"@type":"ListItem","position":1,"name":"Home","item":"https:\/\/www.fas.it\/es\/"},{"@type":"ListItem","position":2,"name":"Qui\u00e9nes somos"}]},{"@type":"WebSite","@id":"https:\/\/www.fas.it\/es\/#website","url":"https:\/\/www.fas.it\/es\/","name":"Fas international","description":"","potentialAction":[{"@type":"SearchAction","target":{"@type":"EntryPoint","urlTemplate":"https:\/\/www.fas.it\/es\/?s={search_term_string}"},"query-input":{"@type":"PropertyValueSpecification","valueRequired":true,"valueName":"search_term_string"}}],"inLanguage":"es-ES"}]}},"_links":{"self":[{"href":"https:\/\/www.fas.it\/es\/wp-json\/wp\/v2\/pages\/3345","targetHints":{"allow":["GET"]}}],"collection":[{"href":"https:\/\/www.fas.it\/es\/wp-json\/wp\/v2\/pages"}],"about":[{"href":"https:\/\/www.fas.it\/es\/wp-json\/wp\/v2\/types\/page"}],"author":[{"embeddable":true,"href":"https:\/\/www.fas.it\/es\/wp-json\/wp\/v2\/users\/1"}],"replies":[{"embeddable":true,"href":"https:\/\/www.fas.it\/es\/wp-json\/wp\/v2\/comments?post=3345"}],"version-history":[{"count":10,"href":"https:\/\/www.fas.it\/es\/wp-json\/wp\/v2\/pages\/3345\/revisions"}],"predecessor-version":[{"id":4342,"href":"https:\/\/www.fas.it\/es\/wp-json\/wp\/v2\/pages\/3345\/revisions\/4342"}],"wp:attachment":[{"href":"https:\/\/www.fas.it\/es\/wp-json\/wp\/v2\/media?parent=3345"}],"curies":[{"name":"wp","href":"https:\/\/api.w.org\/{rel}","templated":true}]}}